{"id":12,"date":"2014-04-27T08:51:58","date_gmt":"2014-04-27T08:51:58","guid":{"rendered":"http:\/\/alainbosson.ch\/wordpress\/wordpress\/?page_id=12"},"modified":"2025-07-29T16:28:19","modified_gmt":"2025-07-29T16:28:19","slug":"monographies","status":"publish","type":"page","link":"https:\/\/alainbosson.ch\/wordpress\/?page_id=12","title":{"rendered":"Ouvrages"},"content":{"rendered":"\n<div class=\"wp-block-media-text alignwide is-stacked-on-mobile\" style=\"grid-template-columns:36% auto\"><figure class=\"wp-block-media-text__media\"><img loading=\"lazy\" decoding=\"async\" width=\"709\" height=\"1024\" src=\"http:\/\/alainbosson.ch\/wordpress\/wp-content\/uploads\/2021\/04\/Couverture_SGGP_33_OK-1-709x1024.png\" alt=\"\" class=\"wp-image-1469 size-full\" srcset=\"https:\/\/alainbosson.ch\/wordpress\/wp-content\/uploads\/2021\/04\/Couverture_SGGP_33_OK-1-709x1024.png 709w, https:\/\/alainbosson.ch\/wordpress\/wp-content\/uploads\/2021\/04\/Couverture_SGGP_33_OK-1-208x300.png 208w, https:\/\/alainbosson.ch\/wordpress\/wp-content\/uploads\/2021\/04\/Couverture_SGGP_33_OK-1-624x901.png 624w, https:\/\/alainbosson.ch\/wordpress\/wp-content\/uploads\/2021\/04\/Couverture_SGGP_33_OK-1.png 746w\" sizes=\"auto, (max-width: 709px) 100vw, 709px\" \/><\/figure><div class=\"wp-block-media-text__content\">\n<p class=\"wp-block-paragraph\" style=\"font-size:14px\">Bosson, Alain : <strong><em>La pharmacie fribourgeoise du Moyen \u00c2ge \u00e0 la fin de l&rsquo;Ancien R\u00e9gime.<\/em> <em>Avec un dictionnaire biographique des pharmaciens fribourgeois 1309-1960<\/em>.<\/strong> Pr\u00e9face du Prof. Dr Vincent Barras (CHUV-Lausanne). Bern-Liebefeld, SGGP, 2021, 297 p.<br><br><em>Ver\u00f6ffentlichungen der Schweizerischen Gesellschaft f\u00fcr Geschichte der Pharmazie<\/em>, Band 33. ISBN 978-3-9525391-0-1<br><br><strong>Recensions<\/strong> : <a href=\"http:\/\/alainbosson.ch\/R\/2021_RHPh\"><em>Revue d&rsquo;Histoire de la Pharmacie<\/em> (Paris), 2021, 109e ann\u00e9e, tome LXIX, pp. 427-428 (Bruno Bonnemain) <\/a>; <a href=\"http:\/\/alainbosson.ch\/R\/2021_AF\"><em>Annales Fribourgeoises<\/em>, 2021, vol. 83, pp. 153-155 (Carlos Lopez)<\/a> ; <strong>Pr\u00e9sentation de l\u2019ouvrage dans la presse<\/strong>&nbsp;:&nbsp;<a href=\"https:\/\/www.laliberte.ch\/news\/regions\/canton\/onguents-elixirs-et-chair-de-vipere-plongee-dans-l-histoire-des-apothicaires-604064\"><em>La Libert\u00e9<\/em>, 7.5.2021, p. 9 (Pascal Fleury).<\/a><\/p>\n<\/div><\/div>\n\n\n\n<p class=\"wp-block-paragraph\"><\/p>\n\n\n\n<hr class=\"wp-block-separator has-css-opacity\"\/>\n\n\n\n<p class=\"wp-block-paragraph\">Bosson, Alain : <em><strong>L\u2019Atelier typographique de Fribourg (Suisse). Bibliographie raisonn\u00e9e des imprim\u00e9s 1585-1816 <\/strong><\/em>\/ Pr\u00e9face de Fr\u00e9d\u00e9ric Barbier. <br>Fribourg, Biblioth\u00e8que cantonale et universitaire, 2009,\u00a0560 p. Th\u00e8se de doctorat en histoire moderne soutenue \u00e0 la Facult\u00e9 des Lettres de l&rsquo;Universit\u00e9 de Fribourg, 2011.<\/p>\n\n\n\n<figure class=\"wp-block-image is-resized\"><img loading=\"lazy\" decoding=\"async\" width=\"699\" height=\"1024\" src=\"http:\/\/alainbosson.ch\/wordpress\/wp-content\/uploads\/2014\/04\/AtelierTypo-699x1024.jpg\" alt=\"\" class=\"wp-image-95\" style=\"aspect-ratio:0.6829268292682927;width:348px;height:auto\" srcset=\"https:\/\/alainbosson.ch\/wordpress\/wp-content\/uploads\/2014\/04\/AtelierTypo-699x1024.jpg 699w, https:\/\/alainbosson.ch\/wordpress\/wp-content\/uploads\/2014\/04\/AtelierTypo-204x300.jpg 204w, https:\/\/alainbosson.ch\/wordpress\/wp-content\/uploads\/2014\/04\/AtelierTypo-624x913.jpg 624w, https:\/\/alainbosson.ch\/wordpress\/wp-content\/uploads\/2014\/04\/AtelierTypo.jpg 1366w\" sizes=\"auto, (max-width: 699px) 100vw, 699px\" \/><\/figure>\n\n\n\n<p class=\"wp-block-paragraph\"><span style=\"color: #000000;\"><strong>Extrait<\/strong> : chapitre 2, <span style=\"color: #3366ff;\"><a style=\"color: #3366ff;\" title=\"Fribourg, lieu d'impression\" href=\"http:\/\/alainbosson.ch\/wordpress\/PDF\/B2009Atelier.pdf\">Fribourg, lieu d&rsquo;impression<\/a>,<\/span> pp. 30-92<\/span><span style=\"color: #0000ff;\"><b>.<\/b><\/span><\/p>\n\n\n\n<p class=\"wp-block-paragraph\"><strong>Recensions<\/strong> : <em><a href=\"http:\/\/alainbosson.ch\/R\/2009_BEChartes_BIF\">Biblioth\u00e8que de l&rsquo;\u00c9cole des Chartes<\/a><\/em><a href=\"http:\/\/alainbosson.ch\/R\/2009_BEChartes_BIF\"> (Paris), 2009, tome 167, livraison 1, pp. 264-267 (Andrea Costa)<\/a> ; <em><a href=\"http:\/\/alainbosson.ch\/R\/R2009BIF2\">Bulletin des Biblioth\u00e8ques de France<\/a><\/em><a href=\"http:\/\/alainbosson.ch\/R\/R2009BIF2\"> (Paris), 2009, volume 54, p. 85  (Rapha\u00eble Mouren)<\/a> ;<em> <a href=\"http:\/\/alainbosson.ch\/R\/R2009BIF3\">Magyar K\u00f6nyvszemle<\/a><\/em><a href=\"http:\/\/alainbosson.ch\/R\/R2009BIF3\"> (Budapest), 2010, volume 126, pp. 135-137 (Istvan Monok)<\/a> ; <em><a href=\"http:\/\/alainbosson.ch\/R\/2009_BIF_AF\">Annales Fribourgeoises<\/a><\/em><a href=\"http:\/\/alainbosson.ch\/R\/2009_BIF_AF\"> (Fribourg), 2009, volume 71 , pp. 208-210 (Cecilia Hurley)<\/a>. <strong>Pr\u00e9sentation de l&rsquo;ouvrage dans la presse<\/strong> : <em>Freiburger Nachrichten<\/em>, 6.5.2009, p. 6 (Nicole Jegerlehner), dans <a href=\"http:\/\/alainbosson.ch\/wordpress\/PDF\/LGE_20090512.pdf\"><em>La Gruy\u00e8re<\/em>, 12.5.2009, p. 9 (Jean Steinauer),<\/a> et dans <em><a href=\"http:\/\/alainbosson.ch\/R\/2009_LIB_Duru_BIF\">La Libert\u00e9<\/a><\/em><a href=\"http:\/\/alainbosson.ch\/R\/2009_LIB_Duru_BIF\">, 3.6.2009, p. 12 (Monique Durussel)<\/a>.<\/p>\n\n\n\n<hr class=\"wp-block-separator has-css-opacity\"\/>\n\n\n\n<p class=\"wp-block-paragraph\">Bosson, Alain : <em><strong>La Biblioth\u00e8que de Castella de Delley. Son histoire et son catalogue<\/strong>.\u00a0<\/em><br>Fribourg, Biblioth\u00e8que cantonale et universitaire, 2011, 348 p.<\/p>\n\n\n\n<figure class=\"wp-block-image size-full is-resized\"><a href=\"http:\/\/alainbosson.ch\/wordpress\/wp-content\/uploads\/2014\/04\/Castella.png\"><img loading=\"lazy\" decoding=\"async\" width=\"482\" height=\"697\" src=\"http:\/\/alainbosson.ch\/wordpress\/wp-content\/uploads\/2014\/04\/Castella.png\" alt=\"\" class=\"wp-image-101\" style=\"width:356px;height:auto\" srcset=\"https:\/\/alainbosson.ch\/wordpress\/wp-content\/uploads\/2014\/04\/Castella.png 482w, https:\/\/alainbosson.ch\/wordpress\/wp-content\/uploads\/2014\/04\/Castella-207x300.png 207w\" sizes=\"auto, (max-width: 482px) 100vw, 482px\" \/><\/a><\/figure>\n\n\n\n<p class=\"wp-block-paragraph\"><strong>Extraits<\/strong> de la premi\u00e8re partie, pp. 13-44 : <br><a href=\"http:\/\/alainbosson.ch\/wordpress\/PDF\/B2011Castella.pdf\">Pr\u00e9ambule : Le livre, un double de l&rsquo;homme \/ Le destin d&rsquo;une famille fribourgeoise \/ Pierre de Castella de Delley<\/a><\/p>\n\n\n\n<p class=\"wp-block-paragraph\"><strong>Recension<\/strong> : <em><a href=\"http:\/\/alainbosson.ch\/R\/2012_Castella_AF\">Annales fribourgeoises<\/a><\/em><a href=\"http:\/\/alainbosson.ch\/R\/2012_Castella_AF\"> (Fribourg), 2012, volume 74, pp. 178-181 (Simone de Reyff).<\/a><strong> Pr\u00e9sentation de l&rsquo;ouvrage dans la presse<\/strong> : <em><a href=\"http:\/\/alainbosson.ch\/R\/R2011CAS.pdf\">La Libert\u00e9<\/a><\/em><a href=\"http:\/\/alainbosson.ch\/R\/R2011CAS.pdf\">, 10.12.2011, p. 34 (Elisabeth Haas).<\/a><\/p>\n\n\n\n<hr class=\"wp-block-separator has-css-opacity\"\/>\n\n\n\n<p class=\"wp-block-paragraph\">Bosson, Alain : <em><strong>Dictionnaire biographique des m\u00e9decins fribourgeois (1311-1960).<\/strong> <\/em><br>Pr\u00e9c\u00e9d\u00e9 de\u00a0:<em> <strong>M\u00e9decine et sant\u00e9 dans le canton de Fribourg\u00a0: recueil d\u2019\u00e9tudes.<\/strong><\/em> <br>Fribourg,Soci\u00e9t\u00e9 d\u2019Histoire du canton de Fribourg,\u00a02009,\u00a0754 p. <br>Collection <em>Archives<\/em> <em>de la Soci\u00e9t\u00e9 d\u2019Histoire du canton de Fribourg<\/em>, 3.<\/p>\n\n\n\n<figure class=\"wp-block-image is-resized\"><img loading=\"lazy\" decoding=\"async\" width=\"564\" height=\"793\" src=\"http:\/\/alainbosson.ch\/wordpress\/wp-content\/uploads\/2014\/04\/Dicomed.png\" alt=\"\" class=\"wp-image-98\" style=\"aspect-ratio:0.7106690777576854;width:361px;height:auto\" srcset=\"https:\/\/alainbosson.ch\/wordpress\/wp-content\/uploads\/2014\/04\/Dicomed.png 564w, https:\/\/alainbosson.ch\/wordpress\/wp-content\/uploads\/2014\/04\/Dicomed-213x300.png 213w\" sizes=\"auto, (max-width: 564px) 100vw, 564px\" \/><\/figure>\n\n\n\n<p class=\"wp-block-paragraph\"><strong>Extraits<\/strong> : <span style=\"color: #3366ff;\"><a style=\"color: #3366ff;\" title=\"Avant-propos\" href=\"http:\/\/alainbosson.ch\/wordpress\/PDF\/M2009AP.pdf\">Avant-propos<\/a><\/span>, pp. 9-10 ; entr\u00e9es <a href=\"http:\/\/alainbosson.ch\/wordpress\/PDF\/B2009_Extrait\"><em>Abraham de Yanna &#8230; Arnault<\/em><\/a>, pp. 271-276. <\/p>\n\n\n\n<p class=\"wp-block-paragraph\">Consultez les <span style=\"color: #3366ff;\"><a href=\"http:\/\/alainbosson.ch\/wordpress\/PDF\/Corrections_Dicomed_10.pdf\">corrections et ajouts<\/a><\/span><a href=\"http:\/\/alainbosson.ch\/wordpress\/PDF\/Corrections_Dicomed_10.pdf\"> <\/a>au <em>Dictionnaire biographique des m\u00e9decins fribourgeois; <\/em>document PDF de 22 pages, nouvelle mise \u00e0 jour le 22&nbsp;mars 2019<\/p>\n\n\n\n<p class=\"wp-block-paragraph\"><strong>Recensions<\/strong> : <em><a href=\"http:\/\/alainbosson.ch\/R\/2009_DICO_AF\">Annales Fribourgeoises<\/a><\/em><a href=\"http:\/\/alainbosson.ch\/R\/2009_DICO_AF\"> (Fribourg), 2009, volume 71, pp. 202-204 (Prof. Vincent Barras, CHUV-UNIL)<\/a> ; <em><a href=\"http:\/\/alainbosson.ch\/R\/R2009DICOMED1\">Freiburger Geschichtsbl\u00e4tter <\/a><\/em><a href=\"http:\/\/alainbosson.ch\/R\/R2009DICOMED1\">(Freiburg), 2009, volume 86, pp. 382-385 (Hubertus von Gemmingen)<\/a>. <strong>Pr\u00e9sentation de l&rsquo;ouvrage dans la presse<\/strong> : <em><a href=\"http:\/\/alainbosson.ch\/R\/2009_GRU_BEER\">La Gruy\u00e8re<\/a><\/em><a href=\"http:\/\/alainbosson.ch\/R\/2009_GRU_BEER\">, 2.6.2009, p. 9 (Nicolas Beer) <\/a>; <em><a href=\"http:\/\/alainbosson.ch\/R\/2009_LIB_S_JORDAN\">La Libert\u00e9<\/a><\/em><a href=\"http:\/\/alainbosson.ch\/R\/2009_LIB_S_JORDAN\">, 23.6.2009, p. 10 (Samuel Jordan)<\/a> ; <em>Freiburger Nachrichten<\/em>, 7.7.2009, p. 2 (Anton Jungo).<\/p>\n\n\n\n<hr class=\"wp-block-separator has-css-opacity\"\/>\n\n\n\n<p class=\"wp-block-paragraph\">Bosson, Alain : <em><strong>Histoire des m\u00e9decins fribourgeois, (1850-1900) : des premi\u00e8res anesth\u00e9sies \u00e0 l&rsquo;apparition des rayons X<\/strong><\/em> <em>\/<\/em> Pr\u00e9face d\u2019Olivier Faure. <br>Fribourg, Universit\u00e9 de Fribourg, 1998, 225 p. <br>Collection\u00a0<em>Aux sources du temps pr\u00e9sent<\/em>, vol. 3<\/p>\n\n\n\n<p class=\"wp-block-paragraph\">Laur\u00e9at du <span style=\"color: #3366ff;\"><a href=\"http:\/\/www.sggmn.ch\/sigerist-preis-f.html\"><span style=\"color: #3366ff;\">Prix Henry-E. Sigerist<\/span><\/a><\/span> 1998, d\u00e9cern\u00e9 par la Soci\u00e9t\u00e9 Suisse d&rsquo;Histoire de la m\u00e9decine et des sciences naturelles<\/p>\n\n\n\n<figure class=\"wp-block-image is-resized\"><img loading=\"lazy\" decoding=\"async\" width=\"448\" height=\"633\" src=\"http:\/\/alainbosson.ch\/wordpress\/wp-content\/uploads\/2014\/04\/MedFrib.png\" alt=\"\" class=\"wp-image-102\" style=\"aspect-ratio:0.7075812274368231;width:365px;height:auto\" srcset=\"https:\/\/alainbosson.ch\/wordpress\/wp-content\/uploads\/2014\/04\/MedFrib.png 448w, https:\/\/alainbosson.ch\/wordpress\/wp-content\/uploads\/2014\/04\/MedFrib-212x300.png 212w\" sizes=\"auto, (max-width: 448px) 100vw, 448px\" \/><\/figure>\n\n\n\n<p class=\"wp-block-paragraph\"><strong>Extrait<\/strong> : chapitre 7, <span style=\"color: #3366ff;\"><a style=\"color: #3366ff;\" title=\"L'exercice ill\u00e9gal de la m\u00e9decine\" href=\"http:\/\/alainbosson.ch\/wordpress\/PDF\/M1998.pdf\">L&rsquo;exercice ill\u00e9gal de la m\u00e9decine<\/a><\/span>, pp. 161-196.<br><\/p>\n\n\n\n<p class=\"wp-block-paragraph\"><strong>Recensions<\/strong> : <em><a href=\"http:\/\/alainbosson.ch\/R\/1998_GES_S_BRANDLI\">Gesnerus : Swiss journal of the history of medicine and sciences<\/a><\/em><a href=\"http:\/\/alainbosson.ch\/R\/1998_GES_S_BRANDLI\"> (Basel), 1998, vol. 55, pp. 278-279 (Sebastian Br\u00e4ndli)<\/a> ; <em><a href=\"http:\/\/alainbosson.ch\/R\/1998_FG_P_BOSCHUNG\">Freiburger Geschichtsbl\u00e4tter<\/a><\/em><a href=\"http:\/\/alainbosson.ch\/R\/1998_FG_P_BOSCHUNG\"> (Freiburg), 1998, vol. 75, pp. 180-184 (Dr. med. Peter Boschung)<\/a> ; <em><a href=\"http:\/\/alainbosson.ch\/R\/1998_FG_U_BOSCHUNG\">Freiburger Geschichtsbl\u00e4tter<\/a><\/em><a href=\"http:\/\/alainbosson.ch\/R\/1998_FG_U_BOSCHUNG\"> (Freiburg), 1998, vol. 75, pp. 189-194 (Prof. Dr. med. Urs Boschung, Universit\u00e9 de Berne)<\/a>. Pr\u00e9sentation de l&rsquo;ouvrage dans le <em>Courrier m\u00e9dical fribourgeois<\/em>, 1998, n\u00b0 3, p. 40 (Dr Andr\u00e9 Marmy) ; <em><a href=\"http:\/\/alainbosson.ch\/R\/1998_LIB_S_GUMY\">La Libert\u00e9<\/a><\/em><a href=\"http:\/\/alainbosson.ch\/R\/1998_LIB_S_GUMY\">, 14.5.1998, p. 13 (Serge Gumy)<\/a> ; <em>La Gruy\u00e8re<\/em>, 10.1.1998, p. 20 (Marc Valloton).<\/p>\n","protected":false},"excerpt":{"rendered":"<p>Bosson, Alain : La pharmacie fribourgeoise du Moyen \u00c2ge \u00e0 la fin de l&rsquo;Ancien R\u00e9gime. Avec un dictionnaire biographique des pharmaciens fribourgeois 1309-1960. Pr\u00e9face du Prof. Dr Vincent Barras (CHUV-Lausanne). Bern-Liebefeld, SGGP, 2021, 297 p. Ver\u00f6ffentlichungen der Schweizerischen Gesellschaft f\u00fcr Geschichte der Pharmazie, Band 33. ISBN 978-3-9525391-0-1 Recensions : Revue d&rsquo;Histoire de la Pharmacie (Paris), [&hellip;]<\/p>\n","protected":false},"author":1,"featured_media":0,"parent":0,"menu_order":1,"comment_status":"closed","ping_status":"closed","template":"","meta":{"footnotes":""},"class_list":["post-12","page","type-page","status-publish","hentry"],"_links":{"self":[{"href":"https:\/\/alainbosson.ch\/wordpress\/index.php?rest_route=\/wp\/v2\/pages\/12","targetHints":{"allow":["GET"]}}],"collection":[{"href":"https:\/\/alainbosson.ch\/wordpress\/index.php?rest_route=\/wp\/v2\/pages"}],"about":[{"href":"https:\/\/alainbosson.ch\/wordpress\/index.php?rest_route=\/wp\/v2\/types\/page"}],"author":[{"embeddable":true,"href":"https:\/\/alainbosson.ch\/wordpress\/index.php?rest_route=\/wp\/v2\/users\/1"}],"replies":[{"embeddable":true,"href":"https:\/\/alainbosson.ch\/wordpress\/index.php?rest_route=%2Fwp%2Fv2%2Fcomments&post=12"}],"version-history":[{"count":152,"href":"https:\/\/alainbosson.ch\/wordpress\/index.php?rest_route=\/wp\/v2\/pages\/12\/revisions"}],"predecessor-version":[{"id":1796,"href":"https:\/\/alainbosson.ch\/wordpress\/index.php?rest_route=\/wp\/v2\/pages\/12\/revisions\/1796"}],"wp:attachment":[{"href":"https:\/\/alainbosson.ch\/wordpress\/index.php?rest_route=%2Fwp%2Fv2%2Fmedia&parent=12"}],"curies":[{"name":"wp","href":"https:\/\/api.w.org\/{rel}","templated":true}]}}