{"id":14,"date":"2014-04-27T08:52:18","date_gmt":"2014-04-27T08:52:18","guid":{"rendered":"http:\/\/alainbosson.ch\/wordpress\/wordpress\/?page_id=14"},"modified":"2019-01-18T16:50:51","modified_gmt":"2019-01-18T16:50:51","slug":"collectifs","status":"publish","type":"page","link":"https:\/\/alainbosson.ch\/wordpress\/?page_id=14","title":{"rendered":"Collectifs"},"content":{"rendered":"\n<p class=\"wp-block-paragraph\"><em><strong>\u00ab&nbsp;Freyburg auch Fryburg&nbsp;\u00bb&nbsp;: Stadtansichten aus dem Zeitalter der Aufkl\u00e4rung<\/strong> \/ &nbsp;\u00ab&nbsp;Fribourg en Suisse, ou Freybourg \u00bb : vues de la ville au temps des Lumi\u00e8res.&nbsp; <\/em>Fribourg, BCU \/ Freiburg, KUB, 2007, 72 p. Ouvrage co-\u00e9dit\u00e9 avec le Prof. Dr. Volker Reinhardt, \u00e0 l\u2019occasion des 750 ans de la fondation de la ville de Fribourg.<\/p>\n\n\n\n<figure class=\"wp-block-image\"><img loading=\"lazy\" decoding=\"async\" width=\"637\" height=\"671\" src=\"http:\/\/alainbosson.ch\/wordpress\/wp-content\/uploads\/2014\/04\/Fryburg2007.png\" alt=\"\" class=\"wp-image-114\" srcset=\"https:\/\/alainbosson.ch\/wordpress\/wp-content\/uploads\/2014\/04\/Fryburg2007.png 637w, https:\/\/alainbosson.ch\/wordpress\/wp-content\/uploads\/2014\/04\/Fryburg2007-284x300.png 284w, https:\/\/alainbosson.ch\/wordpress\/wp-content\/uploads\/2014\/04\/Fryburg2007-624x657.png 624w\" sizes=\"auto, (max-width: 637px) 100vw, 637px\" \/><\/figure>\n\n\n\n<p class=\"wp-block-paragraph\">Extrait : <span style=\"color: #3366ff;\"><a style=\"color: #3366ff;\" title=\"Le Fribourg du baron d'Alt\" href=\"http:\/\/alainbosson.ch\/wordpress\/PDF\/H2007Alt.pdf\">Le Fribourg du Baron d&rsquo;Alt, quelques \u00e9clairages historiographiques<\/a><\/span>, pp. 59-66.<\/p>\n\n\n\n<hr class=\"wp-block-separator\"\/>\n\n\n\n<p class=\"wp-block-paragraph\"><em><strong>Br\u00e9sil, pages de beaut\u00e9. Merveilles du livre illustr\u00e9 br\u00e9silien (1944-1970) de la collection Ernesto Wolf  <\/strong>\/ Brasilien von seiner sch\u00f6nsten Seite. Meisterwerke der brasilianischen Buchillustration (1944-1970) aus der Sammlung Ernesto Wolf. <\/em>Fribourg, BCU \/ Freiburg, KUB, 2000, 113 p.<\/p>\n\n\n\n<p class=\"wp-block-paragraph\">Ouvrage co-\u00e9dit\u00e9 avec Martin Nicoulin ; textes d&rsquo;Anaildo B. Bara\u00e7al, Alain Bosson, Catarina&nbsp;H. Knychala, Jos\u00e9 Mindlin.<\/p>\n\n\n\n<figure class=\"wp-block-image\"><img loading=\"lazy\" decoding=\"async\" width=\"658\" height=\"672\" src=\"http:\/\/alainbosson.ch\/wordpress\/wp-content\/uploads\/2014\/04\/Br\u00e9sil2000.png\" alt=\"\" class=\"wp-image-113\" srcset=\"https:\/\/alainbosson.ch\/wordpress\/wp-content\/uploads\/2014\/04\/Br\u00e9sil2000.png 658w, https:\/\/alainbosson.ch\/wordpress\/wp-content\/uploads\/2014\/04\/Br\u00e9sil2000-293x300.png 293w, https:\/\/alainbosson.ch\/wordpress\/wp-content\/uploads\/2014\/04\/Br\u00e9sil2000-624x637.png 624w\" sizes=\"auto, (max-width: 658px) 100vw, 658px\" \/><\/figure>\n\n\n\n<p class=\"wp-block-paragraph\">Extraits :&nbsp;<span style=\"color: #0000ff;\"><span style=\"color: #3366ff;\"><a style=\"color: #3366ff;\" title=\"Entretien avec Ernesto Wolf\" href=\"http:\/\/alainbosson.ch\/wordpress\/PDF\/B2000Wolf.pdf\">Gespr\u00e4ch mit Ernesto Wolf<\/a><\/span><strong>,<\/strong><\/span> pp. 16-18 ; <a href=\"http:\/\/alainbosson.ch\/wordpress\/PDF\/B2000Bibliophilie.pdf\">Naissance du livre de peintre dans l\u2019\u00e9dition bibliophilique fran\u00e7aise<\/a>, pp. 33-36.<br><\/p>\n","protected":false},"excerpt":{"rendered":"<p>\u00ab&nbsp;Freyburg auch Fryburg&nbsp;\u00bb&nbsp;: Stadtansichten aus dem Zeitalter der Aufkl\u00e4rung \/ &nbsp;\u00ab&nbsp;Fribourg en Suisse, ou Freybourg \u00bb : vues de la ville au temps des Lumi\u00e8res.&nbsp; Fribourg, BCU \/ Freiburg, KUB, 2007, 72 p. Ouvrage co-\u00e9dit\u00e9 avec le Prof. Dr. Volker Reinhardt, \u00e0 l\u2019occasion des 750 ans de la fondation de la ville de Fribourg. Extrait [&hellip;]<\/p>\n","protected":false},"author":1,"featured_media":0,"parent":0,"menu_order":2,"comment_status":"closed","ping_status":"closed","template":"","meta":{"footnotes":""},"class_list":["post-14","page","type-page","status-publish","hentry"],"_links":{"self":[{"href":"https:\/\/alainbosson.ch\/wordpress\/index.php?rest_route=\/wp\/v2\/pages\/14","targetHints":{"allow":["GET"]}}],"collection":[{"href":"https:\/\/alainbosson.ch\/wordpress\/index.php?rest_route=\/wp\/v2\/pages"}],"about":[{"href":"https:\/\/alainbosson.ch\/wordpress\/index.php?rest_route=\/wp\/v2\/types\/page"}],"author":[{"embeddable":true,"href":"https:\/\/alainbosson.ch\/wordpress\/index.php?rest_route=\/wp\/v2\/users\/1"}],"replies":[{"embeddable":true,"href":"https:\/\/alainbosson.ch\/wordpress\/index.php?rest_route=%2Fwp%2Fv2%2Fcomments&post=14"}],"version-history":[{"count":22,"href":"https:\/\/alainbosson.ch\/wordpress\/index.php?rest_route=\/wp\/v2\/pages\/14\/revisions"}],"predecessor-version":[{"id":1131,"href":"https:\/\/alainbosson.ch\/wordpress\/index.php?rest_route=\/wp\/v2\/pages\/14\/revisions\/1131"}],"wp:attachment":[{"href":"https:\/\/alainbosson.ch\/wordpress\/index.php?rest_route=%2Fwp%2Fv2%2Fmedia&parent=14"}],"curies":[{"name":"wp","href":"https:\/\/api.w.org\/{rel}","templated":true}]}}