{"id":16,"date":"2014-04-27T08:57:04","date_gmt":"2014-04-27T08:57:04","guid":{"rendered":"http:\/\/alainbosson.ch\/wordpress\/wordpress\/?page_id=16"},"modified":"2025-07-29T16:16:26","modified_gmt":"2025-07-29T16:16:26","slug":"articles","status":"publish","type":"page","link":"https:\/\/alainbosson.ch\/wordpress\/?page_id=16","title":{"rendered":"Articles"},"content":{"rendered":"\n<div class=\"wp-block-media-text has-media-on-the-right is-stacked-on-mobile\" style=\"grid-template-columns:auto 26%\"><div class=\"wp-block-media-text__content\">\n<p class=\"wp-block-paragraph\">Bosson, Alain : <a href=\"http:\/\/alainbosson.ch\/wordpress\/PDF\/2024_AF86_Apothicaire_Gachoud.pdf\">L\u2019apothicaire Gachoud et la crise de la pharmacie fribourgeoise au XVIII<sup>e<\/sup>\u00a0si\u00e8cle<\/a> in\u00a0:\u00a0<em>Annales Fribourgeoises. Publication de la Soci\u00e9t\u00e9 d\u2019histoire du canton de Fribourg<\/em>, vol. 86, <strong>2024<\/strong>, pp. 83-94.<\/p>\n<\/div><figure class=\"wp-block-media-text__media\"><img loading=\"lazy\" decoding=\"async\" width=\"790\" height=\"1024\" src=\"https:\/\/alainbosson.ch\/wordpress\/wp-content\/uploads\/2025\/07\/Capture-decran-2025-07-29-a-18.13.58-790x1024.png\" alt=\"\" class=\"wp-image-1789 size-full\" srcset=\"https:\/\/alainbosson.ch\/wordpress\/wp-content\/uploads\/2025\/07\/Capture-decran-2025-07-29-a-18.13.58-790x1024.png 790w, https:\/\/alainbosson.ch\/wordpress\/wp-content\/uploads\/2025\/07\/Capture-decran-2025-07-29-a-18.13.58-231x300.png 231w, https:\/\/alainbosson.ch\/wordpress\/wp-content\/uploads\/2025\/07\/Capture-decran-2025-07-29-a-18.13.58-768x995.png 768w, https:\/\/alainbosson.ch\/wordpress\/wp-content\/uploads\/2025\/07\/Capture-decran-2025-07-29-a-18.13.58-1185x1536.png 1185w, https:\/\/alainbosson.ch\/wordpress\/wp-content\/uploads\/2025\/07\/Capture-decran-2025-07-29-a-18.13.58-624x809.png 624w, https:\/\/alainbosson.ch\/wordpress\/wp-content\/uploads\/2025\/07\/Capture-decran-2025-07-29-a-18.13.58.png 1256w\" sizes=\"auto, (max-width: 790px) 100vw, 790px\" \/><\/figure><\/div>\n\n\n\n<p class=\"wp-block-paragraph\"><\/p>\n\n\n\n<hr class=\"wp-block-separator has-alpha-channel-opacity\"\/>\n\n\n\n<div class=\"wp-block-media-text alignwide has-media-on-the-right is-stacked-on-mobile\" style=\"grid-template-columns:auto 26%\"><div class=\"wp-block-media-text__content\">\n<p class=\"wp-block-paragraph\">Bosson, Alain : <a href=\"http:\/\/alainbosson.ch\/wordpress\/PDF\/2022_Une_promenade_sanitaire_en_1522.pdf\">Fribourg en 1522 : une promenade sanitaire \u00e0 l&rsquo;ombre de l&rsquo;H\u00f4tel de Ville<\/a>, in : Aloys Lauper et Fabien Python (\u00e9ds.) : <em>L&rsquo;h\u00f4tel cantonal de Fribourg 1522-2022<\/em>. Fribourg, Service des Biens culturels, <strong>2022<\/strong>, pp. 325-328.<\/p>\n\n\n\n<p class=\"wp-block-paragraph\"><\/p>\n<\/div><figure class=\"wp-block-media-text__media\"><img loading=\"lazy\" decoding=\"async\" width=\"494\" height=\"684\" src=\"https:\/\/alainbosson.ch\/wordpress\/wp-content\/uploads\/2022\/10\/Capture-decran-2022-10-04-a-18.18.44.png\" alt=\"\" class=\"wp-image-1703 size-full\" srcset=\"https:\/\/alainbosson.ch\/wordpress\/wp-content\/uploads\/2022\/10\/Capture-decran-2022-10-04-a-18.18.44.png 494w, https:\/\/alainbosson.ch\/wordpress\/wp-content\/uploads\/2022\/10\/Capture-decran-2022-10-04-a-18.18.44-217x300.png 217w\" sizes=\"auto, (max-width: 494px) 100vw, 494px\" \/><\/figure><\/div>\n\n\n\n<hr class=\"wp-block-separator has-alpha-channel-opacity\"\/>\n\n\n\n<div class=\"wp-block-media-text alignwide has-media-on-the-right is-stacked-on-mobile\" style=\"grid-template-columns:auto 26%\"><div class=\"wp-block-media-text__content\">\n<p class=\"wp-block-paragraph\">Bosson, Alain : <a href=\"https:\/\/alainbosson.ch\/wordpress\/PDF\/2021_femmes_m\u00e9decins_Fribourg.pdf\">Les femmes m\u00e9decins et la f\u00e9minisation de la profession m\u00e9dicale dans le canton de Fribourg : des modestes d\u00e9buts aux ann\u00e9es 1980<\/a>, in : Alice Morandi, Sandrine Ducat\u00e9 et Anne-Fran\u00e7oise Praz :&nbsp;<em>Aujourd\u2019hui, on vote&nbsp;! 1971-2021&nbsp;: Regards crois\u00e9s sur l\u2019histoire des femmes fribourgeoises<\/em>. Fribourg, Soci\u00e9t\u00e9 d&rsquo;Histoire du Canton de Fribourg, <strong>2021<\/strong>, pp. 157-176 (<em>Archives de la Soci\u00e9t\u00e9 d\u2019Histoire du canton de Fribourg<\/em>, vol. 54).<\/p>\n<\/div><figure class=\"wp-block-media-text__media\"><img loading=\"lazy\" decoding=\"async\" width=\"754\" height=\"1024\" src=\"http:\/\/alainbosson.ch\/wordpress\/wp-content\/uploads\/2021\/10\/Capture-decran-2021-10-10-a-11.50.51-2-754x1024.png\" alt=\"\" class=\"wp-image-1566 size-full\" srcset=\"https:\/\/alainbosson.ch\/wordpress\/wp-content\/uploads\/2021\/10\/Capture-decran-2021-10-10-a-11.50.51-2-754x1024.png 754w, https:\/\/alainbosson.ch\/wordpress\/wp-content\/uploads\/2021\/10\/Capture-decran-2021-10-10-a-11.50.51-2-221x300.png 221w, https:\/\/alainbosson.ch\/wordpress\/wp-content\/uploads\/2021\/10\/Capture-decran-2021-10-10-a-11.50.51-2-768x1043.png 768w, https:\/\/alainbosson.ch\/wordpress\/wp-content\/uploads\/2021\/10\/Capture-decran-2021-10-10-a-11.50.51-2-1131x1536.png 1131w, https:\/\/alainbosson.ch\/wordpress\/wp-content\/uploads\/2021\/10\/Capture-decran-2021-10-10-a-11.50.51-2-624x847.png 624w, https:\/\/alainbosson.ch\/wordpress\/wp-content\/uploads\/2021\/10\/Capture-decran-2021-10-10-a-11.50.51-2.png 1308w\" sizes=\"auto, (max-width: 754px) 100vw, 754px\" \/><\/figure><\/div>\n\n\n\n<hr class=\"wp-block-separator has-css-opacity\"\/>\n\n\n\n<div class=\"wp-block-media-text alignwide has-media-on-the-right\" style=\"grid-template-columns:auto 25%\"><div class=\"wp-block-media-text__content\">\n<p class=\"wp-block-paragraph\"><strong> <\/strong><br>Bosson, Alain : <a href=\"http:\/\/alainbosson.ch\/wordpress\/PDF\/2019_Med_Trad_Gru\">Comment se soignait-on en Gruy\u00e8re? Traditions populaires de gu\u00e9rison et surnaturel (XVII<sup>e<\/sup>-XIX<sup>e<\/sup>si\u00e8cle)<\/a> in : <em>\u00c9tat de sant\u00e9<\/em>, <em>Cahiers du Mus\u00e9e Gru\u00e9rien<\/em>, vol. 12, <strong>2019<\/strong>, pp. 57-66.<br><br>Bosson, Alain : <a href=\"http:\/\/alainbosson.ch\/wordpress\/PDF\/2019_Pharm_Bulle\">De l&rsquo;apothicaire au pharmacien : les premi\u00e8res officines de Bulle<\/a> in : <br><em>\u00c9tat de sant\u00e9<\/em>, <em>Cahiers du Mus\u00e9e Gru\u00e9rien<\/em>, vol. 12, <strong>2019<\/strong>, pp. 121-124.<br><\/p>\n<\/div><figure class=\"wp-block-media-text__media\"><img loading=\"lazy\" decoding=\"async\" width=\"689\" height=\"1024\" src=\"http:\/\/alainbosson.ch\/wordpress\/wp-content\/uploads\/2019\/10\/2019_Cahiers_MG_Couverture-689x1024.png\" alt=\"\" class=\"wp-image-1354 size-full\" srcset=\"https:\/\/alainbosson.ch\/wordpress\/wp-content\/uploads\/2019\/10\/2019_Cahiers_MG_Couverture-689x1024.png 689w, https:\/\/alainbosson.ch\/wordpress\/wp-content\/uploads\/2019\/10\/2019_Cahiers_MG_Couverture-202x300.png 202w, https:\/\/alainbosson.ch\/wordpress\/wp-content\/uploads\/2019\/10\/2019_Cahiers_MG_Couverture-768x1141.png 768w, https:\/\/alainbosson.ch\/wordpress\/wp-content\/uploads\/2019\/10\/2019_Cahiers_MG_Couverture-624x927.png 624w, https:\/\/alainbosson.ch\/wordpress\/wp-content\/uploads\/2019\/10\/2019_Cahiers_MG_Couverture.png 944w\" sizes=\"auto, (max-width: 689px) 100vw, 689px\" \/><\/figure><\/div>\n\n\n\n<hr class=\"wp-block-separator has-css-opacity\"\/>\n\n\n\n<div class=\"wp-block-media-text alignwide has-media-on-the-right\" style=\"grid-template-columns:auto 25%\"><div class=\"wp-block-media-text__content\">\n<p class=\"wp-block-paragraph\">Bosson, Alain : <a href=\"http:\/\/alainbosson.ch\/wordpress\/PDF\/2019_ProFribourg_\u00e9pid\u00e9mies.pdf\">Les \u00e9pid\u00e9mies en terre fribourgeoise<\/a> in :<br>Cahiers de <em>Pro Fribourg<\/em>, n\u00b0 203, <strong>2019<\/strong>, pp. 24-31.<br><br> Synth\u00e8se de la conf\u00e9rence prononc\u00e9e le 21 mars 2019 dans le cadre du cours public organis\u00e9 par le Mus\u00e9e d\u2019Art et d\u2019Histoire de Fribourg et la Soci\u00e9t\u00e9 d\u2019Histoire du canton de Fribourg intitul\u00e9&nbsp;<em>L\u2019ins\u00e9curit\u00e9 en 5 questions, de hier \u00e0 aujourd\u2019hui<\/em>. Voir \u00e9galement l&rsquo;Interview accord\u00e9e \u00e0 Jean-Claude Goldschmid dans son article intitul\u00e9 \u00ab&nbsp;Eine kleine&nbsp;Freiburger Seuchengeschichte \u00bb in&nbsp;:&nbsp;<em>Freiburger Notizen. Publikation von Kultur Natur Deutschfreiburg<\/em>, (36), 2021, pp. 7-9.<\/p>\n<\/div><figure class=\"wp-block-media-text__media\"><img loading=\"lazy\" decoding=\"async\" width=\"796\" height=\"800\" src=\"http:\/\/alainbosson.ch\/wordpress\/wp-content\/uploads\/2019\/10\/Capture-d\u00e9cran-2019-10-09-18.09.03-3.png\" alt=\"\" class=\"wp-image-1349 size-full\" srcset=\"https:\/\/alainbosson.ch\/wordpress\/wp-content\/uploads\/2019\/10\/Capture-d\u00e9cran-2019-10-09-18.09.03-3.png 796w, https:\/\/alainbosson.ch\/wordpress\/wp-content\/uploads\/2019\/10\/Capture-d\u00e9cran-2019-10-09-18.09.03-3-150x150.png 150w, https:\/\/alainbosson.ch\/wordpress\/wp-content\/uploads\/2019\/10\/Capture-d\u00e9cran-2019-10-09-18.09.03-3-768x772.png 768w, https:\/\/alainbosson.ch\/wordpress\/wp-content\/uploads\/2019\/10\/Capture-d\u00e9cran-2019-10-09-18.09.03-3-624x627.png 624w\" sizes=\"auto, (max-width: 796px) 100vw, 796px\" \/><\/figure><\/div>\n\n\n\n<hr class=\"wp-block-separator has-css-opacity\"\/>\n\n\n\n<div class=\"wp-block-media-text alignwide has-media-on-the-right\" style=\"grid-template-columns:auto 25%\"><div class=\"wp-block-media-text__content\">\n<p class=\"wp-block-paragraph\">Bosson, Alain : <a href=\"http:\/\/alainbosson.ch\/wordpress\/PDF\/M2018\">Le grand retour de la peste noire? L&rsquo;\u00e9pid\u00e9mie de grippe espagnole dans le canton de Fribourg (1918-1919)<\/a>&nbsp;in : <em>Annales Fribourgeoises.&nbsp;Publication de la Soci\u00e9t\u00e9 d\u2019histoire du canton de Fribourg,&nbsp;<\/em>vol. 80,&nbsp;<strong>2018, <\/strong>pp. 87-105.<\/p>\n\n\n\n<p class=\"wp-block-paragraph\">\u00c0 l&rsquo;occasion de la publication de cet article, le quotidien fribourgeois <em>La Libert\u00e9<\/em>&nbsp;a consacr\u00e9 une page sp\u00e9ciale sous forme d&rsquo;interview ; voir&nbsp;<em><a href=\"http:\/\/alainbosson.ch\/wordpress\/PDF\/2018_LIB\">La Libert\u00e9<\/a><\/em>, 3 novembre 2011, p. 11.<\/p>\n<\/div><figure class=\"wp-block-media-text__media\"><img loading=\"lazy\" decoding=\"async\" width=\"816\" height=\"1024\" src=\"http:\/\/alainbosson.ch\/wordpress\/wp-content\/uploads\/2018\/12\/Capture-d\u00e9cran-2018-12-26-10.44.27-816x1024.png\" alt=\"\" class=\"wp-image-907 size-full\" srcset=\"https:\/\/alainbosson.ch\/wordpress\/wp-content\/uploads\/2018\/12\/Capture-d\u00e9cran-2018-12-26-10.44.27-816x1024.png 816w, https:\/\/alainbosson.ch\/wordpress\/wp-content\/uploads\/2018\/12\/Capture-d\u00e9cran-2018-12-26-10.44.27-239x300.png 239w, https:\/\/alainbosson.ch\/wordpress\/wp-content\/uploads\/2018\/12\/Capture-d\u00e9cran-2018-12-26-10.44.27-768x964.png 768w, https:\/\/alainbosson.ch\/wordpress\/wp-content\/uploads\/2018\/12\/Capture-d\u00e9cran-2018-12-26-10.44.27-624x783.png 624w, https:\/\/alainbosson.ch\/wordpress\/wp-content\/uploads\/2018\/12\/Capture-d\u00e9cran-2018-12-26-10.44.27.png 1152w\" sizes=\"auto, (max-width: 816px) 100vw, 816px\" \/><\/figure><\/div>\n\n\n\n<hr class=\"wp-block-separator has-css-opacity\"\/>\n\n\n\n<div class=\"wp-block-media-text alignwide has-media-on-the-right\" style=\"grid-template-columns:auto 24%\"><div class=\"wp-block-media-text__content\">\n<p class=\"wp-block-paragraph\">Bosson, Alain : <a href=\"http:\/\/alainbosson.ch\/wordpress\/P\/2017_1*\">Soigner les animaux au XIX<sup>e<\/sup> si\u00e8cle. Naissance et essor de la m\u00e9decine v\u00e9t\u00e9rinaire fribourgeoise<\/a> in : <em>Cahiers du Mus\u00e9e Gru\u00e9rien<\/em>, vol. 11, &nbsp;<strong>2017<\/strong>, pp. 61-76.<\/p>\n\n\n\n<p class=\"wp-block-paragraph\">Intitul\u00e9 <strong><em>B\u00eates et bestioles<\/em><\/strong>, ce onzi\u00e8me num\u00e9ro des <em>Cahiers du Mus\u00e9e Gru\u00e9rien<\/em> est enti\u00e8rement consacr\u00e9 \u00e0 l&rsquo;histoire des animaux. Vous pouvez commander ce num\u00e9ro en ligne sur le site du <a href=\"https:\/\/musee-gruerien.ch\/product\/betes-et-bestioles\/\">Mus\u00e9e Gru\u00e9rien<\/a>.<\/p>\n<\/div><figure class=\"wp-block-media-text__media\"><img loading=\"lazy\" decoding=\"async\" width=\"705\" height=\"1024\" src=\"http:\/\/alainbosson.ch\/wordpress\/wp-content\/uploads\/2017\/12\/Capture-d\u2019\u00e9cran-2017-12-31-\u00e0-12.36.34-1-705x1024.png\" alt=\"\" class=\"wp-image-744 size-full\" srcset=\"https:\/\/alainbosson.ch\/wordpress\/wp-content\/uploads\/2017\/12\/Capture-d\u2019\u00e9cran-2017-12-31-\u00e0-12.36.34-1-705x1024.png 705w, https:\/\/alainbosson.ch\/wordpress\/wp-content\/uploads\/2017\/12\/Capture-d\u2019\u00e9cran-2017-12-31-\u00e0-12.36.34-1-206x300.png 206w, https:\/\/alainbosson.ch\/wordpress\/wp-content\/uploads\/2017\/12\/Capture-d\u2019\u00e9cran-2017-12-31-\u00e0-12.36.34-1-768x1116.png 768w, https:\/\/alainbosson.ch\/wordpress\/wp-content\/uploads\/2017\/12\/Capture-d\u2019\u00e9cran-2017-12-31-\u00e0-12.36.34-1-624x907.png 624w, https:\/\/alainbosson.ch\/wordpress\/wp-content\/uploads\/2017\/12\/Capture-d\u2019\u00e9cran-2017-12-31-\u00e0-12.36.34-1.png 1054w\" sizes=\"auto, (max-width: 705px) 100vw, 705px\" \/><\/figure><\/div>\n\n\n\n<hr class=\"wp-block-separator has-css-opacity\"\/>\n\n\n\n<p class=\"wp-block-paragraph\">Bosson, Alain : <a rel=\"noreferrer noopener\" href=\"http:\/\/alainbosson.ch\/wordpress\/PDF\/E2012Banknoten.pdf\" target=\"_blank\">O\u00f9 sont les femmes&nbsp;? La repr\u00e9sentation de la femme sur les billets de banque suisses de 1907 \u00e0 nos jours<\/a> &nbsp;in&nbsp;: Clerc, Jean-Beno\u00eet (\u00e9d.)&nbsp;<em>: L\u2019image fixe en classe d\u2019histoire. Exp\u00e9riences p\u00e9dagogiques au gymnase.<\/em> Lausanne, HEP, <strong>2012<\/strong>, pp. 45-60.<\/p>\n\n\n\n<hr class=\"wp-block-separator has-css-opacity\"\/>\n\n\n\n<div class=\"wp-block-media-text alignwide has-media-on-the-right\" style=\"grid-template-columns:auto 25%\"><div class=\"wp-block-media-text__content\">\n<p class=\"wp-block-paragraph\">Bosson, Alain : <a rel=\"noreferrer noopener\" href=\"http:\/\/alainbosson.ch\/wordpress\/PDF\/M2011Gruyere.pdf\" target=\"_blank\">Sant\u00e9 et m\u00e9decine&nbsp;: se soigner autrefois<\/a> in&nbsp;: Mauron, Christophe et Schule-Raboud, Isabelle (\u00e9ds.)&nbsp;: <em>La Gruy\u00e8re dans le miroir de son patrimoine. Volume 2&nbsp;: Entre ville et campagne.<\/em> Neuch\u00e2tel, Alphil, Bulle, Mus\u00e9e Gru\u00e9rien, <strong>2011<\/strong>, pp. 76-84.<\/p>\n<\/div><figure class=\"wp-block-media-text__media\"><img loading=\"lazy\" decoding=\"async\" width=\"775\" height=\"1024\" src=\"http:\/\/alainbosson.ch\/wordpress\/wp-content\/uploads\/2018\/12\/Clio3-775x1024.jpeg\" alt=\"\" class=\"wp-image-1015 size-full\" srcset=\"https:\/\/alainbosson.ch\/wordpress\/wp-content\/uploads\/2018\/12\/Clio3-775x1024.jpeg 775w, https:\/\/alainbosson.ch\/wordpress\/wp-content\/uploads\/2018\/12\/Clio3-227x300.jpeg 227w, https:\/\/alainbosson.ch\/wordpress\/wp-content\/uploads\/2018\/12\/Clio3-768x1014.jpeg 768w, https:\/\/alainbosson.ch\/wordpress\/wp-content\/uploads\/2018\/12\/Clio3-624x824.jpeg 624w\" sizes=\"auto, (max-width: 775px) 100vw, 775px\" \/><\/figure><\/div>\n\n\n\n<hr class=\"wp-block-separator has-css-opacity\"\/>\n\n\n\n<div class=\"wp-block-media-text alignwide has-media-on-the-right\" style=\"grid-template-columns:auto 25%\"><div class=\"wp-block-media-text__content\">\n<p class=\"wp-block-paragraph\">Bosson, Alain : <a href=\"http:\/\/alainbosson.ch\/wordpress\/PDF\/H2011Tech.pdf\">Les technologies de la Belle Epoque \u00e0 Fribourg<\/a> &nbsp;in&nbsp;: <em>Annales Fribourgeoises. Publication de la Soci\u00e9t\u00e9 d\u2019histoire du canton de Fribourg,<\/em>&nbsp;vol.&nbsp;73, <strong>2011<\/strong>, pp. 105-114.<br><br>\u00c0 Fribourg comme ailleurs en Suisse et en Europe, le grand public d\u00e9couvre avec curiosit\u00e9, et parfois un peu d&rsquo;appr\u00e9hension, la photographie, le chemin de fer, les d\u00e9buts du t\u00e9l\u00e9phone, l&rsquo;arriv\u00e9e de l&rsquo;\u00e9lectricit\u00e9 et de l&rsquo;\u00e9clairage public.<\/p>\n<\/div><figure class=\"wp-block-media-text__media\"><img loading=\"lazy\" decoding=\"async\" width=\"811\" height=\"1024\" src=\"http:\/\/alainbosson.ch\/wordpress\/wp-content\/uploads\/2018\/12\/Capture-d\u00e9cran-2018-12-31-17.20.59-811x1024.png\" alt=\"\" class=\"wp-image-1014 size-full\" srcset=\"https:\/\/alainbosson.ch\/wordpress\/wp-content\/uploads\/2018\/12\/Capture-d\u00e9cran-2018-12-31-17.20.59-811x1024.png 811w, https:\/\/alainbosson.ch\/wordpress\/wp-content\/uploads\/2018\/12\/Capture-d\u00e9cran-2018-12-31-17.20.59-237x300.png 237w, https:\/\/alainbosson.ch\/wordpress\/wp-content\/uploads\/2018\/12\/Capture-d\u00e9cran-2018-12-31-17.20.59-768x970.png 768w, https:\/\/alainbosson.ch\/wordpress\/wp-content\/uploads\/2018\/12\/Capture-d\u00e9cran-2018-12-31-17.20.59-624x788.png 624w, https:\/\/alainbosson.ch\/wordpress\/wp-content\/uploads\/2018\/12\/Capture-d\u00e9cran-2018-12-31-17.20.59.png 1496w\" sizes=\"auto, (max-width: 811px) 100vw, 811px\" \/><\/figure><\/div>\n\n\n\n<hr class=\"wp-block-separator has-css-opacity\"\/>\n\n\n\n<div class=\"wp-block-media-text alignwide has-media-on-the-right\" style=\"grid-template-columns:auto 24%\"><div class=\"wp-block-media-text__content\">\n<p class=\"wp-block-paragraph\">Bosson, Alain : <a href=\"http:\/\/alainbosson.ch\/wordpress\/PDF\/M2011FMED.pdf\">Premi\u00e8res femmes m\u00e9decins&nbsp;: le&nbsp;parcours des pionni\u00e8res<\/a>&nbsp;<strong>&nbsp;<\/strong>in&nbsp;: <em>Histoire au f\u00e9minin, Cahiers du Mus\u00e9e Gru\u00e9rien<\/em>, vol. 8, <strong>2011<\/strong>, pp. 119-128.<\/p>\n\n\n\n<p class=\"wp-block-paragraph\">Cet article retrace les parcours des premi\u00e8res femmes m\u00e9decins fribourgeoises, avec un &nbsp;\u00e9clairage particulier port\u00e9 sur la Doctoresse Cl\u00e9mence Broye (1860-1946), qui ouvre un cabinet \u00e0 Lausanne en 1894, et sa consoeur St\u00e9phanie Joye-Perroulaz (1905-1981), active \u00e0 Broc, en Gruy\u00e8re, d\u00e8s 1944.<\/p>\n<\/div><figure class=\"wp-block-media-text__media\"><img loading=\"lazy\" decoding=\"async\" width=\"713\" height=\"1024\" src=\"http:\/\/alainbosson.ch\/wordpress\/wp-content\/uploads\/2017\/12\/Capture-d\u2019\u00e9cran-2017-12-31-\u00e0-12.57.53-713x1024.png\" alt=\"\" class=\"wp-image-747 size-full\" srcset=\"https:\/\/alainbosson.ch\/wordpress\/wp-content\/uploads\/2017\/12\/Capture-d\u2019\u00e9cran-2017-12-31-\u00e0-12.57.53-713x1024.png 713w, https:\/\/alainbosson.ch\/wordpress\/wp-content\/uploads\/2017\/12\/Capture-d\u2019\u00e9cran-2017-12-31-\u00e0-12.57.53-209x300.png 209w, https:\/\/alainbosson.ch\/wordpress\/wp-content\/uploads\/2017\/12\/Capture-d\u2019\u00e9cran-2017-12-31-\u00e0-12.57.53-768x1103.png 768w, https:\/\/alainbosson.ch\/wordpress\/wp-content\/uploads\/2017\/12\/Capture-d\u2019\u00e9cran-2017-12-31-\u00e0-12.57.53-624x896.png 624w, https:\/\/alainbosson.ch\/wordpress\/wp-content\/uploads\/2017\/12\/Capture-d\u2019\u00e9cran-2017-12-31-\u00e0-12.57.53.png 886w\" sizes=\"auto, (max-width: 713px) 100vw, 713px\" \/><\/figure><\/div>\n\n\n\n<hr class=\"wp-block-separator has-css-opacity\"\/>\n\n\n\n<div class=\"wp-block-media-text alignwide has-media-on-the-right\" style=\"grid-template-columns:auto 25%\"><div class=\"wp-block-media-text__content\">\n<p class=\"wp-block-paragraph\">Bosson, Alain : <a href=\"http:\/\/alainbosson.ch\/wordpress\/PDF\/B2011Fabian.pdf\">Biblioth\u00e8que cantonale et universitaire de Fribourg<\/a> in : <em>Handbuch der historischen Buchbest\u00e4nde in der Schweiz<\/em>. Hildesheim, Olms-Weidmann, <strong>2011<\/strong>, volume I, pp. 279-289. <\/p>\n\n\n\n<p class=\"wp-block-paragraph\">L&rsquo;article retrace l&rsquo;histoire de la BCU de Fribourg et de ses collections de livres anciens et pr\u00e9cieux, de 1848 \u00e0 2010.<\/p>\n<\/div><figure class=\"wp-block-media-text__media\"><img loading=\"lazy\" decoding=\"async\" width=\"710\" height=\"1024\" src=\"http:\/\/alainbosson.ch\/wordpress\/wp-content\/uploads\/2018\/12\/Capture-d\u00e9cran-2018-12-31-17.28.58-710x1024.png\" alt=\"\" class=\"wp-image-1016 size-full\" srcset=\"https:\/\/alainbosson.ch\/wordpress\/wp-content\/uploads\/2018\/12\/Capture-d\u00e9cran-2018-12-31-17.28.58-710x1024.png 710w, https:\/\/alainbosson.ch\/wordpress\/wp-content\/uploads\/2018\/12\/Capture-d\u00e9cran-2018-12-31-17.28.58-208x300.png 208w, https:\/\/alainbosson.ch\/wordpress\/wp-content\/uploads\/2018\/12\/Capture-d\u00e9cran-2018-12-31-17.28.58-768x1107.png 768w, https:\/\/alainbosson.ch\/wordpress\/wp-content\/uploads\/2018\/12\/Capture-d\u00e9cran-2018-12-31-17.28.58-624x899.png 624w, https:\/\/alainbosson.ch\/wordpress\/wp-content\/uploads\/2018\/12\/Capture-d\u00e9cran-2018-12-31-17.28.58.png 1042w\" sizes=\"auto, (max-width: 710px) 100vw, 710px\" \/><\/figure><\/div>\n\n\n\n<hr class=\"wp-block-separator has-css-opacity\"\/>\n\n\n\n<p class=\"wp-block-paragraph\" id=\"block-4d5c13de-d35d-4e2b-9f29-e98ec4a7beb5\">Bosson, Alain : <a href=\"http:\/\/alainbosson.ch\/wordpress\/PDF\/B2009Tissot.pdf\">Victor Tissot, auteur \u00e0 succ\u00e8s dans le Paris de la Belle Epoque<\/a> &nbsp;in&nbsp;: <br><em>Cahiers du Mus\u00e9e Gru\u00e9rien<\/em>, vol. 7, <strong>2009<\/strong>, pp. 49-54.<\/p>\n\n\n\n<hr class=\"wp-block-separator has-css-opacity\"\/>\n\n\n\n<p class=\"wp-block-paragraph\">Bosson, Alain : <a href=\"http:\/\/alainbosson.ch\/wordpress\/PDF\/B2009_Freiburger_Altdrucke.pdf\">Tr\u00e9sors imprim\u00e9s fribourgeois \/ Freiburger Altdrucke (1585-1773).<\/a> Fribourg, Biblioth\u00e8que cantonale et universitaire, 2009, 32 p.<\/p>\n\n\n\n<hr class=\"wp-block-separator has-css-opacity\"\/>\n\n\n\n<div class=\"wp-block-media-text alignwide has-media-on-the-right\" style=\"grid-template-columns:auto 24%\"><div class=\"wp-block-media-text__content\">\n<p class=\"wp-block-paragraph\">Bosson, Alain : <a rel=\"noreferrer noopener\" href=\"http:\/\/alainbosson.ch\/wordpress\/PDF\/B2009Clio.pdf\" target=\"_blank\">La lecture et le statut du livre \u00e0 Fribourg sous l\u2019Ancien R\u00e9gime<\/a> &nbsp;in&nbsp;: <br><em>Clio dans tous ses \u00e9tats. M\u00e9langes offerts en l\u2019honneur de Georges Andrey. <\/em>Pregny\/Gen\u00e8ve, \u00e9ditions de Penthes, Infolio<em>, <\/em><strong>2009<\/strong>, pp. 167-182.<\/p>\n\n\n\n<p class=\"wp-block-paragraph\"><\/p>\n<\/div><figure class=\"wp-block-media-text__media\"><img loading=\"lazy\" decoding=\"async\" width=\"710\" height=\"1024\" src=\"http:\/\/alainbosson.ch\/wordpress\/wp-content\/uploads\/2018\/12\/Clio-710x1024.jpeg\" alt=\"\" class=\"wp-image-1007 size-full\" srcset=\"https:\/\/alainbosson.ch\/wordpress\/wp-content\/uploads\/2018\/12\/Clio-710x1024.jpeg 710w, https:\/\/alainbosson.ch\/wordpress\/wp-content\/uploads\/2018\/12\/Clio-208x300.jpeg 208w, https:\/\/alainbosson.ch\/wordpress\/wp-content\/uploads\/2018\/12\/Clio-768x1108.jpeg 768w, https:\/\/alainbosson.ch\/wordpress\/wp-content\/uploads\/2018\/12\/Clio-624x900.jpeg 624w, https:\/\/alainbosson.ch\/wordpress\/wp-content\/uploads\/2018\/12\/Clio.jpeg 1572w\" sizes=\"auto, (max-width: 710px) 100vw, 710px\" \/><\/figure><\/div>\n\n\n\n<hr class=\"wp-block-separator has-css-opacity\"\/>\n\n\n\n<div class=\"wp-block-media-text alignwide has-media-on-the-right\" style=\"grid-template-columns:auto 23%\"><div class=\"wp-block-media-text__content\">\n<p class=\"wp-block-paragraph\">Bosson, Alain : <a href=\"http:\/\/alainbosson.ch\/wordpress\/PDF\/M2008Peste.pdf\">1611-1640&nbsp;: les derni\u00e8res visites de la peste<\/a> &nbsp;in&nbsp;: <em>Annales Fribourgeoises.&nbsp;Publication de la Soci\u00e9t\u00e9 d\u2019histoire du canton de Fribourg,&nbsp;<\/em>vol. 70, <strong>2008<\/strong>, pp. 51-64.<\/p>\n\n\n\n<p class=\"wp-block-paragraph\">Depuis la peste noire de 1347 jusqu&rsquo;\u00e0 la derni\u00e8re \u00e9pid\u00e9mie dans les ann\u00e9es 1636-1640, le fl\u00e9au de la peste a ravag\u00e9 \u00e0 de nombreuses reprises le pays fribourgeois.<\/p>\n<\/div><figure class=\"wp-block-media-text__media\"><img loading=\"lazy\" decoding=\"async\" width=\"790\" height=\"1024\" src=\"http:\/\/alainbosson.ch\/wordpress\/wp-content\/uploads\/2018\/01\/Capture-d\u2019\u00e9cran-2018-01-04-\u00e0-14.01.20-790x1024.png\" alt=\"\" class=\"wp-image-766 size-full\" srcset=\"https:\/\/alainbosson.ch\/wordpress\/wp-content\/uploads\/2018\/01\/Capture-d\u2019\u00e9cran-2018-01-04-\u00e0-14.01.20-790x1024.png 790w, https:\/\/alainbosson.ch\/wordpress\/wp-content\/uploads\/2018\/01\/Capture-d\u2019\u00e9cran-2018-01-04-\u00e0-14.01.20-231x300.png 231w, https:\/\/alainbosson.ch\/wordpress\/wp-content\/uploads\/2018\/01\/Capture-d\u2019\u00e9cran-2018-01-04-\u00e0-14.01.20-768x996.png 768w, https:\/\/alainbosson.ch\/wordpress\/wp-content\/uploads\/2018\/01\/Capture-d\u2019\u00e9cran-2018-01-04-\u00e0-14.01.20-624x809.png 624w, https:\/\/alainbosson.ch\/wordpress\/wp-content\/uploads\/2018\/01\/Capture-d\u2019\u00e9cran-2018-01-04-\u00e0-14.01.20.png 1260w\" sizes=\"auto, (max-width: 790px) 100vw, 790px\" \/><\/figure><\/div>\n\n\n\n<hr class=\"wp-block-separator has-css-opacity\"\/>\n\n\n\n<p class=\"wp-block-paragraph\">Bosson, Alain : <a rel=\"noreferrer noopener\" href=\"http:\/\/alainbosson.ch\/wordpress\/PDF\/M2007Fribourg.pdf\" target=\"_blank\">Sant\u00e9 et m\u00e9decine en ville de Fribourg, de 1800 \u00e0 nos jours<\/a> in&nbsp;: <em>Fribourg&nbsp;: une ville aux XIX<sup>e<\/sup> et XX<sup>e<\/sup> si\u00e8cles. <\/em>Fribourg, Bourgeoisie de la ville de Fribourg, \u00e9ditions La Sarine, <strong>2007<\/strong>, pp. 205-216.<\/p>\n\n\n\n<hr class=\"wp-block-separator has-css-opacity\"\/>\n\n\n\n<p class=\"wp-block-paragraph\">Bosson, Alain : \u00ab&nbsp;Au service de la petite enfance et des mamans&nbsp;: la sage-femme fribourgeoise engag\u00e9e dans la lutte contre la mortalit\u00e9 infantile (1880-1950)&nbsp;\u00bb in&nbsp;: <em>Le Petit Prince maison de naissance<\/em>, Givisiez, (13), <strong>2007<\/strong>, pp. 9-12.<\/p>\n\n\n\n<hr class=\"wp-block-separator has-css-opacity\"\/>\n\n\n\n<p class=\"wp-block-paragraph\">Bosson, Alain : <a href=\"http:\/\/www.hls-dhs-dss.ch\/textes\/f\/F29950.php\">Fragni\u00e8re, Etienne<\/a> in&nbsp;: <em>Historisches Lexikon der Schweiz<\/em>. Basel, Schwabe, <strong>2005<\/strong>, vol. IV, p. 635 ; <em>Dictionnaire historique de la Suisse<\/em>. Hauterive, Attinger, <strong>2006<\/strong>, vol. V, pp. 116-117.<\/p>\n\n\n\n<hr class=\"wp-block-separator has-css-opacity\"\/>\n\n\n\n<div class=\"wp-block-media-text alignwide has-media-on-the-right\" style=\"grid-template-columns:auto 25%\"><div class=\"wp-block-media-text__content\">\n<p class=\"wp-block-paragraph\">Bosson, Alain : <a rel=\"noreferrer noopener\" href=\"http:\/\/alainbosson.ch\/wordpress\/PDF\/B2005Castella.pdf\" target=\"_blank\">Des ouvrages instructifs, pour des patriciens \u00e9clair\u00e9s : la biblioth\u00e8que de Castella de Delley<\/a> &nbsp;in&nbsp;: <em>Annales Fribourgeoises. Publication de la Soci\u00e9t\u00e9 d\u2019histoire du canton de Fribourg,<\/em>&nbsp;vol. 67, <strong>2005<\/strong>, pp. 51-55.<\/p>\n<\/div><figure class=\"wp-block-media-text__media\"><img loading=\"lazy\" decoding=\"async\" width=\"630\" height=\"886\" src=\"http:\/\/alainbosson.ch\/wordpress\/wp-content\/uploads\/2018\/12\/Capture-d\u2019\u00e9cran-2018-12-11-\u00e0-08.38.04.png\" alt=\"\" class=\"wp-image-903 size-full\" srcset=\"https:\/\/alainbosson.ch\/wordpress\/wp-content\/uploads\/2018\/12\/Capture-d\u2019\u00e9cran-2018-12-11-\u00e0-08.38.04.png 630w, https:\/\/alainbosson.ch\/wordpress\/wp-content\/uploads\/2018\/12\/Capture-d\u2019\u00e9cran-2018-12-11-\u00e0-08.38.04-213x300.png 213w, https:\/\/alainbosson.ch\/wordpress\/wp-content\/uploads\/2018\/12\/Capture-d\u2019\u00e9cran-2018-12-11-\u00e0-08.38.04-624x878.png 624w\" sizes=\"auto, (max-width: 630px) 100vw, 630px\" \/><\/figure><\/div>\n\n\n\n<hr class=\"wp-block-separator has-css-opacity\"\/>\n\n\n\n<p class=\"wp-block-paragraph\">Bosson, Alain : <a rel=\"noreferrer noopener\" href=\"http:\/\/alainbosson.ch\/wordpress\/PDF\/B2004Capucins.pdf\" target=\"_blank\">Proches du peuple, mais fins lettr\u00e9s&nbsp;: les Capucins de Bulle, leurs bienfaiteurs, leurs livres<\/a> &nbsp;in&nbsp;: <em>Annales Fribourgeoises. Publication de la Soci\u00e9t\u00e9 d\u2019histoire du canton de Fribourg,<\/em>&nbsp;vol. 66, <strong>2004<\/strong>, pp. 41-49.<\/p>\n\n\n\n<hr class=\"wp-block-separator has-css-opacity\"\/>\n\n\n\n<div class=\"wp-block-media-text alignwide has-media-on-the-right\" style=\"grid-template-columns:auto 26%\"><div class=\"wp-block-media-text__content\">\n<p class=\"wp-block-paragraph\">Bosson, Alain : <a rel=\"noreferrer noopener\" href=\"http:\/\/alainbosson.ch\/wordpress\/PDF\/M2003Pourtales.pdf\" target=\"_blank\">La formation et la carri\u00e8re m\u00e9dicale de Fran\u00e7ois-Paul de Castella (1788-1860), premier m\u00e9decin-chef de l\u2019H\u00f4pital Pourtal\u00e8s de Neuch\u00e2tel : d\u2019apr\u00e8s les souvenirs manuscrits de son fils<\/a> &nbsp;in : <em>Bulletin de la Soci\u00e9t\u00e9 fribourgeoise des Sciences naturelles<\/em>, <strong>2003<\/strong>, vol. 92, pp. 75-88.<\/p>\n\n\n\n<p class=\"wp-block-paragraph\">Le parcours m\u00e9dical du Dr Fran\u00e7ois-Paul de Castella est intimement li\u00e9 \u00e0 l&rsquo;histoire de l&rsquo;H\u00f4pital Pourtal\u00e8s : nomm\u00e9 m\u00e9decin et chirurgien en chef en 1811, \u00e0 l&rsquo;ouverture de l&rsquo;\u00e9tablissement, il y oeuvrera jusqu&rsquo;en 1855.<\/p>\n<\/div><figure class=\"wp-block-media-text__media\"><img loading=\"lazy\" decoding=\"async\" width=\"681\" height=\"1024\" src=\"http:\/\/alainbosson.ch\/wordpress\/wp-content\/uploads\/2018\/01\/2003_BSFSN-681x1024.jpeg\" alt=\"\" class=\"wp-image-762 size-full\" srcset=\"https:\/\/alainbosson.ch\/wordpress\/wp-content\/uploads\/2018\/01\/2003_BSFSN-681x1024.jpeg 681w, https:\/\/alainbosson.ch\/wordpress\/wp-content\/uploads\/2018\/01\/2003_BSFSN-200x300.jpeg 200w, https:\/\/alainbosson.ch\/wordpress\/wp-content\/uploads\/2018\/01\/2003_BSFSN-768x1155.jpeg 768w, https:\/\/alainbosson.ch\/wordpress\/wp-content\/uploads\/2018\/01\/2003_BSFSN-624x938.jpeg 624w\" sizes=\"auto, (max-width: 681px) 100vw, 681px\" \/><\/figure><\/div>\n\n\n\n<hr class=\"wp-block-separator has-css-opacity\"\/>\n\n\n\n<p class=\"wp-block-paragraph\">Bosson, Alain : <a href=\"http:\/\/alainbosson.ch\/wordpress\/PDF\/M2003Corr\">Une source in\u00e9dite pour l\u2019histoire sanitaire de la premi\u00e8re moiti\u00e9 du XIXe si\u00e8cle&nbsp;: les lettres de Claude-Joseph Glasson, m\u00e9decin \u00e0 Bulle, \u00e0 son confr\u00e8re de Rue Claude Cosandey (1825-1830)<\/a> in&nbsp;: <br><em>Annales Fribourgeoises. Publication de la Soci\u00e9t\u00e9 d\u2019histoire du canton de Fribourg,<\/em>&nbsp;vol. 65, <strong>2002-2003<\/strong>, pp. 137-152.<\/p>\n\n\n\n<hr class=\"wp-block-separator has-css-opacity\"\/>\n\n\n\n<p class=\"wp-block-paragraph\">Bosson, Alain : <a href=\"http:\/\/alainbosson.ch\/wordpress\/PDF\/M2002CH.pdf\">La lutte contre la mortalit\u00e9 des nourrissons en Suisse&nbsp;: enjeux et mesures de pr\u00e9vention (1876-1930)<\/a> &nbsp;in&nbsp;:<em> <\/em><br><em>Cahiers d\u2019histoire. Revue trimestrielle publi\u00e9e par le comit\u00e9 historique du Centre-Est<\/em>, Lyon, tome 47, n\u00b0 1-2, <strong>2002<\/strong>, pp. 93-125.<\/p>\n\n\n\n<hr class=\"wp-block-separator has-css-opacity\"\/>\n\n\n\n<div class=\"wp-block-media-text alignwide has-media-on-the-right\" style=\"grid-template-columns:auto 26%\"><div class=\"wp-block-media-text__content\">\n<p class=\"wp-block-paragraph\">Bosson, Alain : <a href=\"http:\/\/alainbosson.ch\/wordpress\/PDF\/M2001Rage.pdf\">Le traitement de la rage chez l\u2019homme dans les campagnes vaudoises et fribourgeoises avant Pasteur&nbsp;: les observations th\u00e9rapeutiques des Drs Guisan et Schaller au milieu du XIX<sup>e<\/sup> si\u00e8cle<\/a><strong>&nbsp;&nbsp;<\/strong>in&nbsp;: <em>Gesnerus. Swiss Journal of the History of Medicine and Sciences<\/em>, 58, n\u00b0 3\/4, <strong>2001<\/strong>, pp. 339-349.<\/p>\n\n\n\n<p class=\"wp-block-paragraph\">En 1855, treize personnes sont mordues dans le canton de Fribourg par un chien atteint de rage. Le m\u00e9decin traitant, le Dr Jean-Louis Schaller (1816-1880), note dans un carnet ses observations et son intervention th\u00e9rapeutique.<\/p>\n<\/div><figure class=\"wp-block-media-text__media\"><img loading=\"lazy\" decoding=\"async\" width=\"719\" height=\"1024\" src=\"http:\/\/alainbosson.ch\/wordpress\/wp-content\/uploads\/2018\/01\/2001_Gesnerus-719x1024.jpeg\" alt=\"\" class=\"wp-image-751 size-full\" srcset=\"https:\/\/alainbosson.ch\/wordpress\/wp-content\/uploads\/2018\/01\/2001_Gesnerus-719x1024.jpeg 719w, https:\/\/alainbosson.ch\/wordpress\/wp-content\/uploads\/2018\/01\/2001_Gesnerus-211x300.jpeg 211w, https:\/\/alainbosson.ch\/wordpress\/wp-content\/uploads\/2018\/01\/2001_Gesnerus-768x1093.jpeg 768w, https:\/\/alainbosson.ch\/wordpress\/wp-content\/uploads\/2018\/01\/2001_Gesnerus-624x888.jpeg 624w\" sizes=\"auto, (max-width: 719px) 100vw, 719px\" \/><\/figure><\/div>\n\n\n\n<hr class=\"wp-block-separator has-css-opacity\"\/>\n\n\n\n<div class=\"wp-block-media-text alignwide has-media-on-the-right\" style=\"grid-template-columns:auto 25%\"><div class=\"wp-block-media-text__content\">\n<p class=\"wp-block-paragraph\">Bosson, Alain : <a rel=\"noreferrer noopener\" href=\"http:\/\/alainbosson.ch\/wordpress\/PDF\/M2001Mortality.pdf\" target=\"_blank\">La mortalit\u00e9 infantile et la pr\u00e9vention en milieu scolaire dans le canton de Fribourg&nbsp;: strat\u00e9gies et action m\u00e9dicale 1900-1950<\/a> in&nbsp;: <em>Bulletin de la Soci\u00e9t\u00e9 fribourgeoise des Sciences naturelles<\/em>, <strong>2001<\/strong>, vol. 90, pp. 72-118.<\/p>\n\n\n\n<p class=\"wp-block-paragraph\">Les premi\u00e8res d\u00e9cennies du XXe si\u00e8cles sont encore marqu\u00e9es, dans le canton de Fribourg, par une forte mortalit\u00e9 infantile. L&rsquo;article contient un tableau complet de la situation dans la premi\u00e8re partie du XXe si\u00e8cle.<\/p>\n<\/div><figure class=\"wp-block-media-text__media\"><img loading=\"lazy\" decoding=\"async\" width=\"695\" height=\"1024\" src=\"http:\/\/alainbosson.ch\/wordpress\/wp-content\/uploads\/2018\/01\/2001_BSFSN-695x1024.jpeg\" alt=\"\" class=\"wp-image-761 size-full\" srcset=\"https:\/\/alainbosson.ch\/wordpress\/wp-content\/uploads\/2018\/01\/2001_BSFSN-695x1024.jpeg 695w, https:\/\/alainbosson.ch\/wordpress\/wp-content\/uploads\/2018\/01\/2001_BSFSN-204x300.jpeg 204w, https:\/\/alainbosson.ch\/wordpress\/wp-content\/uploads\/2018\/01\/2001_BSFSN-768x1132.jpeg 768w, https:\/\/alainbosson.ch\/wordpress\/wp-content\/uploads\/2018\/01\/2001_BSFSN-624x920.jpeg 624w\" sizes=\"auto, (max-width: 695px) 100vw, 695px\" \/><\/figure><\/div>\n\n\n\n<hr class=\"wp-block-separator has-css-opacity\"\/>\n\n\n\n<p class=\"wp-block-paragraph\">Bosson, Alain : <a href=\"http:\/\/alainbosson.ch\/wordpress\/PDF\/M2000HygHop.pdf\">Aspects de l\u2019hygi\u00e8ne dans les h\u00f4pitaux fribourgeois au temps de Louis Pasteur<\/a>&nbsp;in&nbsp;:<em> <\/em><br><em>Revue m\u00e9dicale de la Suisse romande<\/em>, Lausanne, f\u00e9vrier <strong>2000<\/strong>, n\u00b0 120, pp. 167-170.<\/p>\n\n\n\n<hr class=\"wp-block-separator has-css-opacity\"\/>\n\n\n\n<div class=\"wp-block-media-text alignwide has-media-on-the-right\" style=\"grid-template-columns:auto 24%\"><div class=\"wp-block-media-text__content\">\n<p class=\"wp-block-paragraph\">Bosson, Alain : <a rel=\"noreferrer noopener\" href=\"http:\/\/alainbosson.ch\/wordpress\/PDF\/B2000bibliofilos.pdf\" target=\"_blank\">Tr\u00e9sors du livre illustr\u00e9 br\u00e9silien contemporain. Publications des Cem Bibli\u00f2filos do Brasil et de Julio Pacello de la collection Ernesto Wolf<\/a> &nbsp;in&nbsp;: <em>Librarium. Zeitschrift der schweizerischen Bibliophilen Gesellschaft<\/em>, 43, Heft III, <strong>2000<\/strong>, pp. 184-190.<\/p>\n\n\n\n<p class=\"wp-block-paragraph\">Les publications de la <em>Sociedade dos Cem Bibli\u00f2filos do Brasil<\/em> (Rio de Janeiro) et des <em>Edi\u00e7oes Julio Pacello<\/em> (S\u00e3o Paulo) marquent un \u00e2ge d&rsquo;or du livre illustr\u00e9 br\u00e9silien dans les ann\u00e9es 1940-1960.<\/p>\n<\/div><figure class=\"wp-block-media-text__media\"><img loading=\"lazy\" decoding=\"async\" width=\"679\" height=\"1024\" src=\"http:\/\/alainbosson.ch\/wordpress\/wp-content\/uploads\/2018\/01\/2000_Librarium-e1515066807780-679x1024.jpeg\" alt=\"\" class=\"wp-image-756 size-full\" srcset=\"https:\/\/alainbosson.ch\/wordpress\/wp-content\/uploads\/2018\/01\/2000_Librarium-e1515066807780-679x1024.jpeg 679w, https:\/\/alainbosson.ch\/wordpress\/wp-content\/uploads\/2018\/01\/2000_Librarium-e1515066807780-199x300.jpeg 199w, https:\/\/alainbosson.ch\/wordpress\/wp-content\/uploads\/2018\/01\/2000_Librarium-e1515066807780-768x1158.jpeg 768w, https:\/\/alainbosson.ch\/wordpress\/wp-content\/uploads\/2018\/01\/2000_Librarium-e1515066807780-624x941.jpeg 624w\" sizes=\"auto, (max-width: 679px) 100vw, 679px\" \/><\/figure><\/div>\n\n\n\n<hr class=\"wp-block-separator has-css-opacity\"\/>\n\n\n\n<p class=\"wp-block-paragraph\">Bosson, Alain : <a rel=\"noreferrer noopener\" href=\"http:\/\/alainbosson.ch\/wordpress\/PDF\/M1999MedFrib.pdf\" target=\"_blank\">Les Fribourgeois et leurs m\u00e9decins&nbsp;dans la seconde moiti\u00e9 du XIXe&nbsp;si\u00e8cle<\/a> in&nbsp;: <br><em>Bulletin de la Soci\u00e9t\u00e9 fribourgeoise des Sciences naturelles<\/em>, <strong>1999<\/strong>, vol. 88, pp. 81-85.<\/p>\n\n\n\n<hr class=\"wp-block-separator has-css-opacity\"\/>\n\n\n\n<p class=\"wp-block-paragraph\">Bosson, Alain : <a rel=\"noreferrer noopener\" href=\"http:\/\/alainbosson.ch\/wordpress\/PDF\/M1998Peregrinatio.pdf\" target=\"_blank\">Sous le signe de la p\u00e9r\u00e9grination acad\u00e9mique&nbsp;: la formation universitaire des m\u00e9decins du canton de Fribourg (Suisse) au XIX<sup>e<\/sup> si\u00e8cle<\/a> in&nbsp;: <em>Bulletin du Centre Pierre L\u00e9on d\u2019histoire \u00e9conomique et sociale, <\/em><strong>1998<\/strong>, n\u00b0 1-2. Lyon, CNRS, Centre Pierre L\u00e9on, 1999, pp. 29-45.<br><\/p>\n\n\n\n<hr class=\"wp-block-separator has-css-opacity\"\/>\n\n\n\n<p class=\"wp-block-paragraph\"><br><\/p>\n\n\n\n<p class=\"wp-block-paragraph\"><\/p>\n","protected":false},"excerpt":{"rendered":"<p>Bosson, Alain : L\u2019apothicaire Gachoud et la crise de la pharmacie fribourgeoise au XVIIIe\u00a0si\u00e8cle in\u00a0:\u00a0Annales Fribourgeoises. Publication de la Soci\u00e9t\u00e9 d\u2019histoire du canton de Fribourg, vol. 86, 2024, pp. 83-94. Bosson, Alain : Fribourg en 1522 : une promenade sanitaire \u00e0 l&rsquo;ombre de l&rsquo;H\u00f4tel de Ville, in : Aloys Lauper et Fabien Python (\u00e9ds.) : [&hellip;]<\/p>\n","protected":false},"author":1,"featured_media":0,"parent":0,"menu_order":3,"comment_status":"closed","ping_status":"closed","template":"","meta":{"footnotes":""},"class_list":["post-16","page","type-page","status-publish","hentry"],"_links":{"self":[{"href":"https:\/\/alainbosson.ch\/wordpress\/index.php?rest_route=\/wp\/v2\/pages\/16","targetHints":{"allow":["GET"]}}],"collection":[{"href":"https:\/\/alainbosson.ch\/wordpress\/index.php?rest_route=\/wp\/v2\/pages"}],"about":[{"href":"https:\/\/alainbosson.ch\/wordpress\/index.php?rest_route=\/wp\/v2\/types\/page"}],"author":[{"embeddable":true,"href":"https:\/\/alainbosson.ch\/wordpress\/index.php?rest_route=\/wp\/v2\/users\/1"}],"replies":[{"embeddable":true,"href":"https:\/\/alainbosson.ch\/wordpress\/index.php?rest_route=%2Fwp%2Fv2%2Fcomments&post=16"}],"version-history":[{"count":195,"href":"https:\/\/alainbosson.ch\/wordpress\/index.php?rest_route=\/wp\/v2\/pages\/16\/revisions"}],"predecessor-version":[{"id":1791,"href":"https:\/\/alainbosson.ch\/wordpress\/index.php?rest_route=\/wp\/v2\/pages\/16\/revisions\/1791"}],"wp:attachment":[{"href":"https:\/\/alainbosson.ch\/wordpress\/index.php?rest_route=%2Fwp%2Fv2%2Fmedia&parent=16"}],"curies":[{"name":"wp","href":"https:\/\/api.w.org\/{rel}","templated":true}]}}