{"id":18,"date":"2014-04-27T08:57:13","date_gmt":"2014-04-27T08:57:13","guid":{"rendered":"http:\/\/alainbosson.ch\/wordpress\/wordpress\/?page_id=18"},"modified":"2024-10-23T07:12:16","modified_gmt":"2024-10-23T07:12:16","slug":"conferences","status":"publish","type":"page","link":"https:\/\/alainbosson.ch\/wordpress\/?page_id=18","title":{"rendered":"Conf\u00e9rences"},"content":{"rendered":"\n<p class=\"wp-block-paragraph\">\u00ab\u00a0Fr\u00e9d\u00e9ric Golliez, ou l\u2019\u00e2ge d\u2019or de la pharmacie moratoise\u00a0\u00bb : <br>conf\u00e9rence sous les auspices du Mus\u00e9e de Morat et de la Soci\u00e9t\u00e9 d\u2019Histoire du canton de Fribourg. Mus\u00e9e de Morat, Ryf 4, 3280 Murten, dimanche 29 septembre\u00a0<strong>2024<\/strong>, 16h00. \/\u00a0Visualisez <span style=\"color: #3366ff;\"><strong><a href=\"http:\/\/alainbosson.ch\/CONF\/2024_Golliez.pdf\">les diapositives<\/a><\/strong><\/span> de la conf\u00e9rence.<\/p>\n\n\n\n<p class=\"wp-block-paragraph\">Compte-rendu de la conf\u00e9rence par Urs Haenni : \u00ab\u00a0Aus dem goldenen Zeitalter der Murtner Pharmazie\u00a0\u00bb in : <em>Der Murtenbieter<\/em>, 1.10.2024, p. 7.<\/p>\n\n\n\n<hr class=\"wp-block-separator has-alpha-channel-opacity\"\/>\n\n\n\n<p class=\"wp-block-paragraph\">\u00ab&nbsp;La peste dans l\u2019Arc jurassien. Sur les traces du fl\u00e9au (XIVe-XVIIe si\u00e8cles)&nbsp;\u00bb&nbsp;: conf\u00e9rence donn\u00e9e dans le cadre du cycle de conf\u00e9rences&nbsp;<em>Aux petits soins<\/em>, organis\u00e9 sous les auspices du CIP culture de Tramelan et la Soci\u00e9t\u00e9 jurassienne d\u2019\u00e9mulation.&nbsp;Tramelan, Centre interr\u00e9gional de perfectionnement, mercredi 20 septembre <strong>2023<\/strong>, 19h30 \/ Visualisez <span style=\"color: #3366ff;\"><strong><a href=\"http:\/\/alainbosson.ch\/CONF\/Peste_Arc_Jurassien.pdf\">les diapositives<\/a><\/strong><\/span> de la conf\u00e9rence.<br><br>Interview donn\u00e9e sur les ondes de Radio Jura Bernois (RJB), 19 septembre 2023 :  <a href=\"https:\/\/www.rjb.ch\/Scripts\/Index.aspx?id=7929698\" data-type=\"link\" data-id=\"https:\/\/www.rjb.ch\/Scripts\/Index.aspx?id=7929698\">\u00ab L&rsquo;arc jurassien marqu\u00e9 par la peste au Moyen \u00c2ge \u00bb<\/a>, ; voir aussi l&rsquo;article de C\u00e9line Latscha, <a href=\"https:\/\/ajour.ch\/fr\/story\/162841\/sur-les-traces-de-la-peste-dans-larc-jurassien\" data-type=\"link\" data-id=\"https:\/\/ajour.ch\/fr\/story\/162841\/sur-les-traces-de-la-peste-dans-larc-jurassien\">\u00ab\u00a0Sur les traces de la peste\u00a0\u00bb<\/a>, dans le <em>Journal du Jura<\/em>, vendredi 22 septembre 2023, p. 10.<\/p>\n\n\n\n<figure class=\"wp-block-image size-large is-resized\"><a href=\"http:\/\/alainbosson.ch\/wordpress\/wp-content\/uploads\/2023\/05\/Capture-decran-2023-05-11-a-11.21.22.png\"><img loading=\"lazy\" decoding=\"async\" width=\"727\" height=\"1024\" src=\"http:\/\/alainbosson.ch\/wordpress\/wp-content\/uploads\/2023\/05\/Capture-decran-2023-05-11-a-11.21.22-727x1024.png\" alt=\"\" class=\"wp-image-1714\" style=\"width:480px;height:676px\" srcset=\"https:\/\/alainbosson.ch\/wordpress\/wp-content\/uploads\/2023\/05\/Capture-decran-2023-05-11-a-11.21.22-727x1024.png 727w, https:\/\/alainbosson.ch\/wordpress\/wp-content\/uploads\/2023\/05\/Capture-decran-2023-05-11-a-11.21.22-213x300.png 213w, https:\/\/alainbosson.ch\/wordpress\/wp-content\/uploads\/2023\/05\/Capture-decran-2023-05-11-a-11.21.22-768x1082.png 768w, https:\/\/alainbosson.ch\/wordpress\/wp-content\/uploads\/2023\/05\/Capture-decran-2023-05-11-a-11.21.22-1090x1536.png 1090w, https:\/\/alainbosson.ch\/wordpress\/wp-content\/uploads\/2023\/05\/Capture-decran-2023-05-11-a-11.21.22-624x879.png 624w, https:\/\/alainbosson.ch\/wordpress\/wp-content\/uploads\/2023\/05\/Capture-decran-2023-05-11-a-11.21.22.png 1290w\" sizes=\"auto, (max-width: 727px) 100vw, 727px\" \/><\/a><\/figure>\n\n\n\n<p class=\"wp-block-paragraph\"><\/p>\n\n\n\n<div data-wp-interactive=\"core\/file\" class=\"wp-block-file\"><object data-wp-bind--hidden=\"!state.hasPdfPreview\" hidden class=\"wp-block-file__embed\" data=\"https:\/\/alainbosson.ch\/wordpress\/wp-content\/uploads\/2023\/07\/carton-aux-petits-soins.pdf\" type=\"application\/pdf\" style=\"width:100%;height:900px\" aria-label=\"Contenu embarqu\u00e9 carton-aux-petits-soins.\"><\/object><a id=\"wp-block-file--media-c19aff18-ef7d-4cfb-bae7-f2cf412039a1\" href=\"https:\/\/alainbosson.ch\/wordpress\/wp-content\/uploads\/2023\/07\/carton-aux-petits-soins.pdf\">carton-aux-petits-soins<\/a><a href=\"https:\/\/alainbosson.ch\/wordpress\/wp-content\/uploads\/2023\/07\/carton-aux-petits-soins.pdf\" class=\"wp-block-file__button wp-element-button\" download aria-describedby=\"wp-block-file--media-c19aff18-ef7d-4cfb-bae7-f2cf412039a1\">T\u00e9l\u00e9charger<\/a><\/div>\n\n\n\n<hr class=\"wp-block-separator has-alpha-channel-opacity\"\/>\n\n\n\n<p class=\"wp-block-paragraph\">\u00ab&nbsp;Les apothicaires de Fribourg du XIVe au XVIIIe si\u00e8cle: profils et parcours&nbsp;\u00bb : conf\u00e9rence donn\u00e9e dans le cadre du colloque scientifique 2022 de la Soci\u00e9t\u00e9 Suisse d\u2019Histoire de la Pharmacie.&nbsp;Fribourg, H\u00f4pital des Bourgeois, Salle Rossier, 30 avril&nbsp;<strong>2022<\/strong>, 10h15-10h55.<br><\/p>\n\n\n\n<figure class=\"wp-block-image size-large is-resized\"><a href=\"https:\/\/alainbosson.ch\/wordpress\/wp-content\/uploads\/2022\/05\/Capture-decran-2022-05-01-a-19.22.19.png\"><img loading=\"lazy\" decoding=\"async\" width=\"1024\" height=\"857\" src=\"https:\/\/alainbosson.ch\/wordpress\/wp-content\/uploads\/2022\/05\/Capture-decran-2022-05-01-a-19.22.19-1024x857.png\" alt=\"\" class=\"wp-image-1648\" style=\"width:650px;height:544px\" srcset=\"https:\/\/alainbosson.ch\/wordpress\/wp-content\/uploads\/2022\/05\/Capture-decran-2022-05-01-a-19.22.19-1024x857.png 1024w, https:\/\/alainbosson.ch\/wordpress\/wp-content\/uploads\/2022\/05\/Capture-decran-2022-05-01-a-19.22.19-300x251.png 300w, https:\/\/alainbosson.ch\/wordpress\/wp-content\/uploads\/2022\/05\/Capture-decran-2022-05-01-a-19.22.19-768x643.png 768w, https:\/\/alainbosson.ch\/wordpress\/wp-content\/uploads\/2022\/05\/Capture-decran-2022-05-01-a-19.22.19-1536x1286.png 1536w, https:\/\/alainbosson.ch\/wordpress\/wp-content\/uploads\/2022\/05\/Capture-decran-2022-05-01-a-19.22.19-624x523.png 624w, https:\/\/alainbosson.ch\/wordpress\/wp-content\/uploads\/2022\/05\/Capture-decran-2022-05-01-a-19.22.19.png 1660w\" sizes=\"auto, (max-width: 1024px) 100vw, 1024px\" \/><\/a><\/figure>\n\n\n\n<p class=\"wp-block-paragraph\"><strong>R\u00e9sum\u00e9 de la conf\u00e9rence<\/strong><em>&nbsp;\u2013 Le canton de Fribourg ne s\u2019est pas distingu\u00e9, au cours des si\u00e8cles, par une grande tradition pharmaceutique. Et pourtant, la ville de Fribourg compte d\u00e8s le d\u00e9but du XIVe si\u00e8cle la pr\u00e9sence dans ses murs d\u2019apothicaires venus d\u2019Italie, parmi les premiers attest\u00e9s en Suisse. Qui \u00e9taient ces apothicaires, d\u2019o\u00f9 venaient-ils, et pourquoi avaient-ils choisi de se fixer \u00e0 Fribourg&nbsp;? Quels \u00e9taient leurs profils et leurs parcours&nbsp;? Si les premiers apothicaires \u00e0 Fribourg viennent du Pi\u00e9mont et s\u2019\u00e9tablissent dans une ville en plein essor \u00e9conomique, leurs successeurs viennent de France et d\u2019Allemagne, et contribuent \u00e0 former les premiers apothicaires d\u2019origine fribourgeoise. Avec la Contre-R\u00e9forme au XVIe si\u00e8cle, Fribourg choisit de rester fid\u00e8le au catholicisme et entre dans une phase de repli, qui se mesure \u00e9galement dans le domaine \u00e9conomique. La pharmacie est aussi touch\u00e9e, et la p\u00e9riode de l\u2019Ancien R\u00e9gime pour les apothicaires fribourgeois est nettement moins prosp\u00e8re que ne le fut le Moyen \u00c2ge pour les pionniers de la pharmacie fribourgeoise.&nbsp;<\/em><\/p>\n\n\n\n<hr class=\"wp-block-separator has-css-opacity\"\/>\n\n\n\n<p class=\"wp-block-paragraph\">\u00ab&nbsp;Entre peste et corona : les Fribourgeois et leur sant\u00e9 hier et aujourd\u2019hui&nbsp;\u00bb : caf\u00e9 historique organis\u00e9 par l\u2019Association Bouillon de Culture&nbsp;et la&nbsp;Soci\u00e9t\u00e9 d\u2019Histoire du Canton de Fribourg. Le Bilboquet, Route de la Fonderie 8b, Fribourg, 6 avril <strong>2022<\/strong> \u00e0 20 heures.<\/p>\n\n\n\n<figure class=\"wp-block-image size-large\"><a href=\"http:\/\/alainbosson.ch\/wordpress\/wp-content\/uploads\/2022\/03\/2022_Cafe_historique.jpg\"><img loading=\"lazy\" decoding=\"async\" width=\"724\" height=\"1024\" src=\"http:\/\/alainbosson.ch\/wordpress\/wp-content\/uploads\/2022\/03\/2022_Cafe_historique-724x1024.jpg\" alt=\"\" class=\"wp-image-1633\" srcset=\"https:\/\/alainbosson.ch\/wordpress\/wp-content\/uploads\/2022\/03\/2022_Cafe_historique-724x1024.jpg 724w, https:\/\/alainbosson.ch\/wordpress\/wp-content\/uploads\/2022\/03\/2022_Cafe_historique-212x300.jpg 212w, https:\/\/alainbosson.ch\/wordpress\/wp-content\/uploads\/2022\/03\/2022_Cafe_historique-768x1086.jpg 768w, https:\/\/alainbosson.ch\/wordpress\/wp-content\/uploads\/2022\/03\/2022_Cafe_historique-1086x1536.jpg 1086w, https:\/\/alainbosson.ch\/wordpress\/wp-content\/uploads\/2022\/03\/2022_Cafe_historique-1448x2048.jpg 1448w, https:\/\/alainbosson.ch\/wordpress\/wp-content\/uploads\/2022\/03\/2022_Cafe_historique-624x883.jpg 624w, https:\/\/alainbosson.ch\/wordpress\/wp-content\/uploads\/2022\/03\/2022_Cafe_historique.jpg 1587w\" sizes=\"auto, (max-width: 724px) 100vw, 724px\" \/><\/a><\/figure>\n\n\n\n<hr class=\"wp-block-separator has-css-opacity\"\/>\n\n\n\n<p class=\"wp-block-paragraph\">\u00ab Les origines de la pharmacie fribourgeoise. Les apothicaires de Fribourg du XIVe au XVIIIe si\u00e8cles \u00bb. Conf\u00e9rence donn\u00e9e au Rotary Club Fribourg Cit\u00e9, Universit\u00e9 de Fribourg (Mis\u00e9ricorde), 25 novembre <strong>2021<\/strong>.<\/p>\n\n\n\n<hr class=\"wp-block-separator has-css-opacity\"\/>\n\n\n\n<p class=\"wp-block-paragraph\">\u00ab Entre science et superstition : comment affronter les maladies, du Moyen \u00c2ge au XIXe si\u00e8cle ?\u00bb<br>Mus\u00e9e d&rsquo;Art et d&rsquo;Histoire de Fribourg, 9 novembre <strong>2019<\/strong>.<\/p>\n\n\n\n<hr class=\"wp-block-separator has-css-opacity\"\/>\n\n\n\n<p class=\"wp-block-paragraph\"><a href=\"http:\/\/alainbosson.ch\/CONF\/2019_Laudatio\">Laudatio prononc\u00e9e en l&rsquo;honneur de Madame Monique de Castella de Delley<\/a>, \u00e0 l&rsquo;occasion de sa d\u00e9signation en qualit\u00e9 de membre d&rsquo;honneur de l&rsquo;Association des Amis de la Biblioth\u00e8que Cantonale et Universitaire de Fribourg. Salle Rossier, H\u00f4pital des Bourgeois de Fribourg, 29 mai <strong>2019<\/strong>.<\/p>\n\n\n\n<figure class=\"wp-block-image\"><img loading=\"lazy\" decoding=\"async\" width=\"1024\" height=\"626\" src=\"http:\/\/alainbosson.ch\/wordpress\/wp-content\/uploads\/2019\/07\/Capture-d\u00e9cran-2019-07-01-12.07.24-1024x626.png\" alt=\"\" class=\"wp-image-1245\" srcset=\"https:\/\/alainbosson.ch\/wordpress\/wp-content\/uploads\/2019\/07\/Capture-d\u00e9cran-2019-07-01-12.07.24-1024x626.png 1024w, https:\/\/alainbosson.ch\/wordpress\/wp-content\/uploads\/2019\/07\/Capture-d\u00e9cran-2019-07-01-12.07.24-300x183.png 300w, https:\/\/alainbosson.ch\/wordpress\/wp-content\/uploads\/2019\/07\/Capture-d\u00e9cran-2019-07-01-12.07.24-768x469.png 768w, https:\/\/alainbosson.ch\/wordpress\/wp-content\/uploads\/2019\/07\/Capture-d\u00e9cran-2019-07-01-12.07.24-624x381.png 624w, https:\/\/alainbosson.ch\/wordpress\/wp-content\/uploads\/2019\/07\/Capture-d\u00e9cran-2019-07-01-12.07.24.png 1188w\" sizes=\"auto, (max-width: 1024px) 100vw, 1024px\" \/><\/figure>\n\n\n\n<hr class=\"wp-block-separator has-css-opacity\"\/>\n\n\n\n<p class=\"wp-block-paragraph\">\u00ab Les \u00e9pid\u00e9mies au cours des \u00e2ges dans le canton de Fribourg \u00bb : conf\u00e9rence dans le cadre du cours public organis\u00e9 par le Mus\u00e9e d&rsquo;Art et d&rsquo;Histoire de Fribourg et la Soci\u00e9t\u00e9 d&rsquo;Histoire du canton de Fribourg intitul\u00e9 <em>L&rsquo;ins\u00e9curit\u00e9 en 5 questions, de hier \u00e0 aujourd&rsquo;hui<\/em>. Mus\u00e9e d&rsquo;Art et d&rsquo;Histoire de Fribourg, 21 mars <strong>2019<\/strong>.<\/p>\n\n\n\n<hr class=\"wp-block-separator has-css-opacity\"\/>\n\n\n\n<p class=\"wp-block-paragraph\">\u00ab&nbsp;La grippe espagnole dans le canton de Fribourg : exp\u00e9riences et bilan \u00bb : conf\u00e9rence pr\u00e9sent\u00e9e dans le cadre du colloque <em>La grippe espagnole de 1918 en Suisse, <\/em>organis\u00e9e par l&rsquo;Institut des Humanit\u00e9s en m\u00e9decine du CHUV (Lausanne), l&rsquo;Universit\u00e9 de Lausanne, la Soci\u00e9t\u00e9 Suisse d&rsquo;Histoire de la M\u00e9decine et des Sciences Naturelles, et la Soci\u00e9t\u00e9 d&rsquo;Histoire de la Suisse Romande.&nbsp;IHM-CHUV, Lausanne, 16 novembre <strong>2018.&nbsp;<\/strong>Voir le <a href=\"http:\/\/alainbosson.ch\/CONF\/2018_Flyer_Colloque_Grippe_espagnole.pdf\"><span style=\"color: #000000;\">programme<\/span><\/a> complet du colloque.<\/p>\n\n\n\n<p class=\"wp-block-paragraph\">Interview r\u00e9alis\u00e9e par Charles Grandjean : <em><a href=\"http:\/\/alainbosson.ch\/wordpress\/PDF\/2018_LIB\">La Libert\u00e9<\/a><\/em><a href=\"http:\/\/alainbosson.ch\/wordpress\/PDF\/2018_LIB\">, 3.11.2018, p. 11.<\/a><\/p>\n\n\n\n<hr class=\"wp-block-separator has-css-opacity\"\/>\n\n\n\n<p class=\"wp-block-paragraph\">\u00ab Se soigner autrefois : pratiques superstitieuses et empiriques \u00bb, conf\u00e9rence organis\u00e9e dans le cadre de la Nuit des Mus\u00e9es, Bulle, Mus\u00e9e Gru\u00e9rien, 10 novembre<strong> 2018<\/strong>.<\/p>\n\n\n\n<hr class=\"wp-block-separator has-css-opacity\"\/>\n\n\n\n<p class=\"wp-block-paragraph\">\u00ab&nbsp;De l\u2019ancien hospice de Bulle \u00e0 l\u2019h\u00f4pital de Riaz, ou les m\u00e9tamorphoses de l\u2019h\u00f4pital dans le district de la&nbsp;Gruy\u00e8re&nbsp;\u00bb, conf\u00e9rence organis\u00e9e par l&rsquo;Association des amis du Mus\u00e9e Gru\u00e9rien, Bulle, Mus\u00e9e Gru\u00e9rien, 7 mars<strong>&nbsp;2015<\/strong>.&nbsp;\/&nbsp;Visualisez <span style=\"color: #3366ff;\"><strong><a style=\"color: #3366ff;\" href=\"http:\/\/alainbosson.ch\/CONF\/RIAZ\">les diapositives<\/a><\/strong><\/span> de la conf\u00e9rence.<\/p>\n\n\n\n<p class=\"wp-block-paragraph\">Compte-rendu de J\u00e9r\u00f4me Gachet : <em><a href=\"http:\/\/alainbosson.ch\/CONF\/2015_03_07\">La Gruy\u00e8re<\/a><\/em><a href=\"http:\/\/alainbosson.ch\/CONF\/2015_03_07\">, 7.3.2015, p. 5.<\/a><\/p>\n\n\n\n<hr class=\"wp-block-separator has-css-opacity\"\/>\n\n\n\n<p class=\"wp-block-paragraph\">\u00ab&nbsp;Cher coll\u00e8gue et ami&nbsp;! Lettres m\u00e9dicales du Dr Glasson (1825-1830)&nbsp;\u00bb conf\u00e9rence dans le cadre du cycle <em>Parcours de vie,<\/em> organis\u00e9 par les Archives d\u2019Etat, le Mus\u00e9e Gru\u00e9rien et la Soci\u00e9t\u00e9 d\u2019histoire du canton de Fribourg. Bulle\/Fribourg, 26-27 f\u00e9vrier <strong>2014<\/strong>.<\/p>\n\n\n\n<hr class=\"wp-block-separator has-css-opacity\"\/>\n\n\n\n<p class=\"wp-block-paragraph\">\u00ab&nbsp;Le livre ancien \u00e0 Fribourg&nbsp;\u00bb&nbsp;: conf\u00e9rence \u00e0 l\u2019occasion de la publication du volume du <em>Handbuch der historischen Buchbest\u00e4nde der Schweiz<\/em>, Fribourg, Bibliblioth\u00e8que cantonale et universitaire, 25 novembre <strong>2011<\/strong>.<\/p>\n\n\n\n<hr class=\"wp-block-separator has-css-opacity\"\/>\n\n\n\n<p class=\"wp-block-paragraph\">\u00ab&nbsp;L\u2019H\u00f4pital des Bourgeois et la m\u00e9decine \u00e0 Fribourg \u00bb ; quatre conf\u00e9rences dans le cadre des 17<sup>e<\/sup> Journ\u00e9es europ\u00e9ennes du Patrimoine 2010, Fribourg, H\u00f4pital des Bourgeois, 11 et 12 septembre <strong>2010<\/strong>.<\/p>\n\n\n\n<hr class=\"wp-block-separator has-css-opacity\"\/>\n\n\n\n<p class=\"wp-block-paragraph\">\u00ab&nbsp;La biblioth\u00e8que et les archives de la famille de Castella de Delley&nbsp;\u00bb&nbsp;(avec Silvia Zehnder-J\u00f6rg) ; conf\u00e9rence dans le cadre du symposium <em>Tobie de Castella et sa biblioth\u00e8que. Usages et culture du livre dans le Fribourg de l\u2019Ancien R\u00e9gime<\/em>, organis\u00e9 par le D\u00e9partement de Fran\u00e7ais de l\u2019Universit\u00e9 de Fribourg, 11 juin <strong>2010<\/strong>.<\/p>\n\n\n\n<hr class=\"wp-block-separator has-css-opacity\"\/>\n\n\n\n<p class=\"wp-block-paragraph\">\u00ab&nbsp;Un si\u00e8cle \u00e9pris de progr\u00e8s&nbsp;\u00bb&nbsp;; conf\u00e9rence publique dans le cadre du Cycle de conf\u00e9rences d\u2019histoire fribourgeoise organis\u00e9e par la Soci\u00e9t\u00e9 cantonale d\u2019histoire, Mus\u00e9e d\u2019Art et d\u2019Histoire de Fribourg, 28 avril <strong>2010<\/strong>.<\/p>\n\n\n\n<hr class=\"wp-block-separator has-css-opacity\"\/>\n\n\n\n<p class=\"wp-block-paragraph\">\u00ab&nbsp;Au mus\u00e9e ou au grenier&#8230; qu\u2019est-ce qu\u2019un livre pr\u00e9cieux&nbsp;? \u00bb&nbsp;; conf\u00e9rence-visite au Mus\u00e9e d\u2019Art et d\u2019Histoire de Fribourg, 16 mars <strong>2008<\/strong>.<br><br>Interview r\u00e9alis\u00e9 par Elvire Kuenzi : <em><a href=\"http:\/\/alainbosson.ch\/R\/2008_LIVRE_MAHF\">La Libert\u00e9, <\/a><\/em><a href=\"http:\/\/alainbosson.ch\/R\/2008_LIVRE_MAHF\">15-16.3.2008, p. 17.<\/a><\/p>\n\n\n\n<hr class=\"wp-block-separator has-css-opacity\"\/>\n\n\n\n<p class=\"wp-block-paragraph\">\u00ab&nbsp;Reliures nobles, reliures humbles : coup d\u2019\u0153il sur la parure des livres XVI<sup>e<\/sup>-XVIII<sup>e<\/sup> si\u00e8cles&nbsp;\u00bb&nbsp;; conf\u00e9rence prononc\u00e9e dans le cadre du IX<sup>e<\/sup> Forum International de la Reliure d\u2019Art, Mus\u00e9e Gutenberg, Fribourg, 12 octobre <strong>2007<\/strong>.<\/p>\n\n\n\n<hr class=\"wp-block-separator has-css-opacity\"\/>\n\n\n\n<p class=\"wp-block-paragraph\">\u00ab&nbsp;La peste \u00e0 Fribourg au XVII<sup>e<\/sup> si\u00e8cle&nbsp;\u00bb&nbsp;; conf\u00e9rence publique, Mus\u00e9e d\u2019Art et d\u2019Histoire de Fribourg, 14 d\u00e9cembre <strong>2006<\/strong>.<br><br>Compte-rendu de la conf\u00e9rence par Pierre-Andr\u00e9 Sieber : <a href=\"http:\/\/alainbosson.ch\/R\/2006_CONF_PESTE\">\u00ab\u00a0Comment Koenig \u00e9chappa \u00e0 la peste\u00a0\u00bb in :<\/a><em><a href=\"http:\/\/alainbosson.ch\/R\/2006_CONF_PESTE\"> La Libert\u00e9<\/a><\/em><a href=\"http:\/\/alainbosson.ch\/R\/2006_CONF_PESTE\">, 13.12.2006, p. 24.<\/a><\/p>\n\n\n\n<hr class=\"wp-block-separator has-css-opacity\"\/>\n\n\n\n<p class=\"wp-block-paragraph\">\u00ab Na\u00eetre en 1900 \u00bb ; conf\u00e9rence organis\u00e9e sous les auspices du Geschichtsforschender Verein des Kantons Freiburg et de la Soci\u00e9t\u00e9 d\u2019Histoire du canton de Fribourg, 16 mars <strong>2004<\/strong>, Centre Le Ph\u00e9nix, Fribourg. Compte-rendu de la conf\u00e9rence par Irmgard Lehmann : <a href=\"http:\/\/alainbosson.ch\/wordpress\/PDF\/R2004FN\">\u00ab\u00a0\u00dcber die Kindersterblichkeit und das Hebammenwesen im Kanton Freiburg\u00a0\u00bb in : <\/a><em><a href=\"http:\/\/alainbosson.ch\/wordpress\/PDF\/R2004FN\">Freiburger Nachrichten<\/a><\/em><a href=\"http:\/\/alainbosson.ch\/wordpress\/PDF\/R2004FN\">, 18.3.2004, p. 13.<\/a><\/p>\n\n\n\n<hr class=\"wp-block-separator has-css-opacity\"\/>\n\n\n\n<p class=\"wp-block-paragraph\">\u00ab La Pharmacie du Bourg, hier et aujourd&rsquo;hui (1765-2003) \u00bb ; causerie prononc\u00e9e \u00e0 l&rsquo;occasion de l&rsquo;inauguration officielle de la nouvelle Pharmacie du Bourg, Place de l&rsquo;H\u00f4tel de Ville 1, Fribourg, le 11 d\u00e9cembre <strong>2003<\/strong>.<\/p>\n\n\n\n<hr class=\"wp-block-separator has-css-opacity\"\/>\n\n\n\n<p class=\"wp-block-paragraph\">\u00ab Coordonner les politiques sanitaires dans un \u00e9tat conf\u00e9d\u00e9ral : naissance et d\u00e9veloppement du bureau sanitaire f\u00e9d\u00e9ral suisse (1879-1893) \u00bb ; Colloque de la 1\u00e8re journ\u00e9e franco-helv\u00e9tique d\u2019histoire du droit de la sant\u00e9, Universit\u00e9 d\u2019Aix-Marseille III, 24 mai <strong>2003<\/strong>, Aix-en-Provence.<\/p>\n\n\n\n<hr class=\"wp-block-separator has-css-opacity\"\/>\n\n\n\n<p class=\"wp-block-paragraph\">\u00ab Le traitement de la rage chez l\u2019homme dans les campagnes vaudoises et fribourgeoises avant Pasteur : les observations th\u00e9rapeutiques des Drs Guisan et Schaller au milieu du XIXe si\u00e8cle \u00bb ; Colloque d\u2019automne de la Soci\u00e9t\u00e9 d\u2019Histoire de la Suisse Romande, Histoire de la m\u00e9decine et de la sant\u00e9 en Suisse Romande, 11 novembre <strong>2000<\/strong>, H\u00f4tel de Ville de Lausanne.<\/p>\n\n\n\n<hr class=\"wp-block-separator has-css-opacity\"\/>\n\n\n\n<p class=\"wp-block-paragraph\">\u00ab Aspects de l\u2019hygi\u00e8ne dans les h\u00f4pitaux fribourgeois au temps de Louis Pasteur \u00bb ; 4\u00e8me Journ\u00e9e Romande d\u2019hygi\u00e8ne hospitali\u00e8re 1998 \u2013 Pr\u00e9vention des infections nosocomiales, jeudi 27 novembre <strong>1998<\/strong>, H\u00f4tel Golden Tulip, Fribourg.<\/p>\n\n\n\n<hr class=\"wp-block-separator has-css-opacity\"\/>\n\n\n\n<p class=\"wp-block-paragraph\">\u00ab Processus de formation et parcours acad\u00e9miques de m\u00e9decins valaisans et fribourgeois au XIXe si\u00e8cle \u00bb ; Journ\u00e9e franco-suisse d\u2019histoire de la sant\u00e9 \u2013 La formation des m\u00e9decins aux XIXe et XXe si\u00e8cles, vendredi 2 octobre <strong>1998<\/strong>, Centre Pierre L\u00e9on d\u2019Histoire \u00e9conomique et sociale, Lyon.<\/p>\n\n\n\n<hr class=\"wp-block-separator has-css-opacity\"\/>\n\n\n\n<p class=\"wp-block-paragraph\"><strong>Emissions radiophoniques et t\u00e9l\u00e9vis\u00e9es<\/strong><\/p>\n\n\n\n<p class=\"wp-block-paragraph\">\u00ab L&rsquo;arc jurassien marqu\u00e9 par la peste au Moyen \u00c2ge \u00bb, Radio Jura Bernois (RJB), 19 septembre <strong>2023<\/strong>. Interview donn\u00e9e \u00e0 l&rsquo;occasion de la conf\u00e9rence donn\u00e9e sur ce sujet dans le cadre du cycle de conf\u00e9rences Aux petits soins, Tramelan, 20 septembre 2023. <a href=\"https:\/\/www.rjb.ch\/Scripts\/Index.aspx?id=7929698\">https:\/\/www.rjb.ch\/Scripts\/Index.aspx?id=7929698<\/a><\/p>\n\n\n\n<p class=\"wp-block-paragraph\"><em>Fribourg fait maison<\/em>, La T\u00e9l\u00e9 Vaud Fribourg, 24 juin <strong>2021<\/strong>. Invit\u00e9 de l&rsquo;\u00e9mission de Philippe Huwiler pour \u00e9voquer la publication de l&rsquo;ouvrage La pharmacie fribourgeoise du Moyen \u00c2ge \u00e0 la fin de l&rsquo;Ancien R\u00e9gime.<br><br><em>Fribourg fait maison<\/em>,<em> <\/em>La T\u00e9l\u00e9 Vaud Fribourg, 26 mars <strong>2020<\/strong>. Invit\u00e9 de l&rsquo;\u00e9mission de Philippe Huwiler pour \u00e9voquer les points communs et les diff\u00e9rences entre l&rsquo;\u00e9pid\u00e9mie de grippe espagnole de 1918 et celle du COVID-19.<\/p>\n\n\n\n<p class=\"wp-block-paragraph\"><em>Actu Fribourg<\/em>, La T\u00e9l\u00e9 Vaud Fribourg, 3 mai <strong>2019<\/strong>. Intervenant dans le reportage de Philippe Huwiler consacr\u00e9 au sanctuaire de Notre-Dame de Bourguillon pendant l&rsquo;\u00e9pid\u00e9mie de grippe espagnole en 1918. <\/p>\n\n\n\n<p class=\"wp-block-paragraph\"><em>C\u2019est une autre histoire<\/em>, \u00e9mission de Radio Fribourg anim\u00e9e par Mike et Alain-Jacques Tornare, 26 novembre <strong>2019<\/strong> : invit\u00e9 \u00e0 l&rsquo;occasion de la sortie du 12e volume des Cahiers du Mus\u00e9e Gru\u00e9rien, consacr\u00e9 \u00e0 l&rsquo;histoire de la sant\u00e9 et de la m\u00e9decine en Gruy\u00e8re et dans le canton de Fribourg.<\/p>\n\n\n\n<p class=\"wp-block-paragraph\"><em>Les temps qui courent<\/em>, une \u00e9mission de Christian Ciocca. Radio Suisse Romande \u2013 Espace 2, 8 juin <strong>2009<\/strong> : invit\u00e9 \u00e0 l\u2019occasion de la sortie du livre <em>L\u2019Atelier typographique de Fribourg 1585-1816.<\/em><\/p>\n\n\n\n<hr class=\"wp-block-separator has-css-opacity\"\/>\n\n\n\n<p class=\"wp-block-paragraph\"><em>Richesses de la lecture<\/em>, une \u00e9mission de Jean-Marie F\u00e9lix. Radio Suisse Romande \u2013 Espace 2, 2 septembre <strong>2003 <\/strong>: invit\u00e9 \u00e0 l\u2019occasion de l\u2019exposition de&nbsp;la BCU Fribourg <em>La litt\u00e9rature dans les ex libris.<\/em><\/p>\n\n\n\n<hr class=\"wp-block-separator has-css-opacity\"\/>\n\n\n\n<p class=\"wp-block-paragraph\"><em>\u00c0 L\u2019ombre du baobab,<\/em> une \u00e9mission de Thierry Savary.&nbsp;Radio Fribourg, 18 octobre <strong>2002<\/strong>, 46 min. : invit\u00e9 \u00e0 l\u2019occasion de l\u2019exposition de la BCU Fribourg intitul\u00e9e <em>Tr\u00e9sors de l\u2019imprimerie fribourgeoise 1585-1773<\/em>.<\/p>\n\n\n\n<hr class=\"wp-block-separator has-css-opacity\"\/>\n\n\n\n<p class=\"wp-block-paragraph\"><em>\u00c0 L\u2019ombre du baobab<\/em>, une \u00e9mission de Thierry Savary.&nbsp;Radio Fribourg, 30 octobre <strong>2000<\/strong>, 46 min. : invit\u00e9 \u00e0 l\u2019occasion de l\u2019exposition de la BCU Fribourg intitul\u00e9e <em>Br\u00e9sil, pages de beaut\u00e9<\/em>.<\/p>\n","protected":false},"excerpt":{"rendered":"<p>\u00ab\u00a0Fr\u00e9d\u00e9ric Golliez, ou l\u2019\u00e2ge d\u2019or de la pharmacie moratoise\u00a0\u00bb : conf\u00e9rence sous les auspices du Mus\u00e9e de Morat et de la Soci\u00e9t\u00e9 d\u2019Histoire du canton de Fribourg. Mus\u00e9e de Morat, Ryf 4, 3280 Murten, dimanche 29 septembre\u00a02024, 16h00. \/\u00a0Visualisez les diapositives de la conf\u00e9rence. Compte-rendu de la conf\u00e9rence par Urs Haenni : \u00ab\u00a0Aus dem goldenen [&hellip;]<\/p>\n","protected":false},"author":1,"featured_media":0,"parent":0,"menu_order":4,"comment_status":"closed","ping_status":"closed","template":"","meta":{"footnotes":""},"class_list":["post-18","page","type-page","status-publish","hentry"],"_links":{"self":[{"href":"https:\/\/alainbosson.ch\/wordpress\/index.php?rest_route=\/wp\/v2\/pages\/18","targetHints":{"allow":["GET"]}}],"collection":[{"href":"https:\/\/alainbosson.ch\/wordpress\/index.php?rest_route=\/wp\/v2\/pages"}],"about":[{"href":"https:\/\/alainbosson.ch\/wordpress\/index.php?rest_route=\/wp\/v2\/types\/page"}],"author":[{"embeddable":true,"href":"https:\/\/alainbosson.ch\/wordpress\/index.php?rest_route=\/wp\/v2\/users\/1"}],"replies":[{"embeddable":true,"href":"https:\/\/alainbosson.ch\/wordpress\/index.php?rest_route=%2Fwp%2Fv2%2Fcomments&post=18"}],"version-history":[{"count":62,"href":"https:\/\/alainbosson.ch\/wordpress\/index.php?rest_route=\/wp\/v2\/pages\/18\/revisions"}],"predecessor-version":[{"id":1775,"href":"https:\/\/alainbosson.ch\/wordpress\/index.php?rest_route=\/wp\/v2\/pages\/18\/revisions\/1775"}],"wp:attachment":[{"href":"https:\/\/alainbosson.ch\/wordpress\/index.php?rest_route=%2Fwp%2Fv2%2Fmedia&parent=18"}],"curies":[{"name":"wp","href":"https:\/\/api.w.org\/{rel}","templated":true}]}}