{"id":402,"date":"2014-10-22T08:03:27","date_gmt":"2014-10-22T08:03:27","guid":{"rendered":"http:\/\/alainbosson.ch\/wordpress\/?page_id=402"},"modified":"2014-10-22T08:56:43","modified_gmt":"2014-10-22T08:56:43","slug":"liens","status":"publish","type":"page","link":"https:\/\/alainbosson.ch\/wordpress\/?page_id=402","title":{"rendered":"Liens"},"content":{"rendered":"<p><span style=\"color: #3366ff;\"><a style=\"color: #3366ff;\" href=\"http:\/\/www.hls-dhs-dss.ch\/?lg=f\">Dictionnaire historique de la Suisse<\/a><\/span><\/p>\n<p><span style=\"color: #3366ff;\"><a style=\"color: #3366ff;\" href=\"http:\/\/retro.seals.ch\/digbib\/browse4\"> Revues num\u00e9ris\u00e9es, swiss electronic academic library service ETH<\/a><\/span><\/p>\n<p><span style=\"color: #3366ff;\"><a style=\"color: #3366ff;\" href=\"https:\/\/www.infoclio.ch\/fr\/theses\">Base de donn\u00e9es des th\u00e8ses et masters en histoire des universit\u00e9s suisses<\/a><\/span><\/p>\n<p><span style=\"color: #3366ff;\"><a style=\"color: #3366ff;\" href=\"https:\/\/www.infoclio.ch\/fr\">Infoclio, portail suisse des sciences historiques<\/a><\/span><\/p>\n<p><span style=\"color: #3366ff;\"><a style=\"color: #3366ff;\" href=\"http:\/\/www.sggmn.ch\/home-f.html\">Soci\u00e9t\u00e9 suisse d\u2019histoire de la m\u00e9decine et des sciences naturelles<\/a><\/span><\/p>\n<p><span style=\"color: #3366ff;\"><a style=\"color: #3366ff;\" href=\"http:\/\/www.sgg-ssh.ch\/fr\/home.php\">Soci\u00e9t\u00e9 suisse d\u2019histoire<\/a><\/span><\/p>\n<p><span style=\"color: #3366ff;\"><a style=\"color: #3366ff;\" href=\"http:\/\/www.shsr.ch\">Soci\u00e9t\u00e9 d\u2019histoire de la Suisse romande<\/a><\/span><\/p>\n<p><span style=\"color: #3366ff;\"><a style=\"color: #3366ff;\" href=\"http:\/\/www.svha-vd.ch\">Soci\u00e9t\u00e9 vaudoise d\u2019histoire et d\u2019arch\u00e9ologie<\/a><\/span><\/p>\n<p><span style=\"color: #3366ff;\"><a style=\"color: #3366ff;\" href=\"http:\/\/www.geschichtsverein-fr.ch\">Deutscher Geschichtsforschender Verein des Kantons Freiburg<\/a><\/span><\/p>\n<p><span style=\"color: #3366ff;\"><a style=\"color: #3366ff;\" href=\"http:\/\/www.shcf.ch\">Soci\u00e9t\u00e9 d\u2019histoire du canton de Fribourg<\/a><\/span><\/p>\n<p><span style=\"color: #3366ff;\"><a style=\"color: #3366ff;\" href=\"http:\/\/www.diesbach.com\/sghcf\/names.html\">Site g\u00e9n\u00e9alogique du canton de Fribourg<\/a><\/span><\/p>\n","protected":false},"excerpt":{"rendered":"<p>Dictionnaire historique de la Suisse Revues num\u00e9ris\u00e9es, swiss electronic academic library service ETH Base de donn\u00e9es des th\u00e8ses et masters en histoire des universit\u00e9s suisses Infoclio, portail suisse des sciences historiques Soci\u00e9t\u00e9 suisse d\u2019histoire de la m\u00e9decine et des sciences naturelles Soci\u00e9t\u00e9 suisse d\u2019histoire Soci\u00e9t\u00e9 d\u2019histoire de la Suisse romande Soci\u00e9t\u00e9 vaudoise d\u2019histoire et d\u2019arch\u00e9ologie [&hellip;]<\/p>\n","protected":false},"author":1,"featured_media":0,"parent":0,"menu_order":7,"comment_status":"closed","ping_status":"closed","template":"","meta":{"footnotes":""},"class_list":["post-402","page","type-page","status-publish","hentry"],"_links":{"self":[{"href":"https:\/\/alainbosson.ch\/wordpress\/index.php?rest_route=\/wp\/v2\/pages\/402","targetHints":{"allow":["GET"]}}],"collection":[{"href":"https:\/\/alainbosson.ch\/wordpress\/index.php?rest_route=\/wp\/v2\/pages"}],"about":[{"href":"https:\/\/alainbosson.ch\/wordpress\/index.php?rest_route=\/wp\/v2\/types\/page"}],"author":[{"embeddable":true,"href":"https:\/\/alainbosson.ch\/wordpress\/index.php?rest_route=\/wp\/v2\/users\/1"}],"replies":[{"embeddable":true,"href":"https:\/\/alainbosson.ch\/wordpress\/index.php?rest_route=%2Fwp%2Fv2%2Fcomments&post=402"}],"version-history":[{"count":8,"href":"https:\/\/alainbosson.ch\/wordpress\/index.php?rest_route=\/wp\/v2\/pages\/402\/revisions"}],"predecessor-version":[{"id":422,"href":"https:\/\/alainbosson.ch\/wordpress\/index.php?rest_route=\/wp\/v2\/pages\/402\/revisions\/422"}],"wp:attachment":[{"href":"https:\/\/alainbosson.ch\/wordpress\/index.php?rest_route=%2Fwp%2Fv2%2Fmedia&parent=402"}],"curies":[{"name":"wp","href":"https:\/\/api.w.org\/{rel}","templated":true}]}}